{"id":1384,"date":"2017-09-07T12:13:50","date_gmt":"2017-09-07T10:13:50","guid":{"rendered":"https:\/\/www.es-karlsruhe.eu\/?page_id=1384\/"},"modified":"2026-01-21T13:02:13","modified_gmt":"2026-01-21T12:02:13","slug":"ihre-ansprechpartner","status":"publish","type":"page","link":"https:\/\/www.es-karlsruhe.eu\/de\/unsere-schule\/ihre-ansprechpartner\/","title":{"rendered":"Ihre Ansprechpartner"},"content":{"rendered":"<div class=\"title-deco\" id=\"\"><div class=\"blue-bloc\"><\/div><h2 class=\"title\">Direktion<\/h2><\/div>\n<div class=\"staff-member\"><span class=\"name\">Herr L\u00e1szl\u00f3 Munk\u00e1csy<\/span><span class=\"job\">Director<\/span><a href=\"&#x6d;&#x61;&#105;l&#x74;&#x6f;&#58;&#75;A&#x52;&#x2d;&#69;&#88;E&#x43;&#x55;&#84;IV&#x45;&#x2d;&#65;S&#x53;&#x49;&#83;&#84;A&#x4e;&#x54;&#64;&#101;u&#x72;&#x73;&#99;&#46;e&#x75;\" class=\"mail\">&#x4b;&#65;&#82;-&#x45;&#x58;&#69;C&#x55;&#x54;&#73;V&#x45;&#x2d;&#65;S&#x53;&#x49;&#83;T&#x41;&#x4e;&#84;&#64;&#x65;&#x75;&#114;&#115;c&#x2e;&#x65;&#117;<\/a><\/div>\n<div class=\"staff-member\"><span class=\"name\">Frau Nassira Schandruk<\/span><span class=\"job\">Assistentin der Direktion<\/span><a href=\"mail&#116;&#111;&#58;&#75;&#65;&#x52;&#x2d;&#x45;&#x58;&#x45;&#x43;&#x55;TIVE&#45;&#65;&#83;&#83;&#73;&#x53;&#x54;&#x41;&#x4e;&#x54;&#x40;&#x65;&#x75;rsc&#46;&#101;&#117;\" class=\"mail\">KAR&#45;&#69;&#88;&#69;&#x43;&#x55;&#x54;&#x49;&#x56;&#x45;&#x2d;ASS&#73;&#83;&#84;&#65;&#78;&#x54;&#x40;&#x65;&#x75;&#x72;&#x73;c&#46;eu<\/a><span class=\"phone\">+49 (0)7 21-6 80 09-17<\/span><\/div>\n<div class=\"staff-member\"><span class=\"name\">Frau  Anabela Santos<\/span><span class=\"job\">Stellvertr. Direktorin f\u00fcr die Oberschule<\/span><a href=\"&#109;&#x61;&#105;&#x6c;t&#111;&#x3a;&#107;&#x61;r&#x2d;d&#101;&#x70;&#117;&#x74;y&#x2d;&#x64;&#105;&#x72;e&#x63;t&#111;&#x72;&#45;&#x73;e&#x63;o&#110;&#x64;&#97;&#x72;y&#45;&#x63;&#121;&#x63;l&#x65;&#64;&#101;&#x75;&#114;&#x73;c&#x2e;&#x65;&#117;\" class=\"mail\">&#x6b;&#97;r&#x2d;&#100;&#101;&#x70;&#x75;&#116;y&#x2d;&#100;i&#x72;&#x65;&#99;t&#x6f;&#114;-&#x73;&#x65;&#99;o&#x6e;&#100;a&#x72;&#x79;&#45;c&#x79;&#99;l&#x65;&#x40;&#101;&#x75;&#x72;&#115;c&#x2e;&#101;u<\/a><\/div>\n<div class=\"staff-member\"><span class=\"name\">Herr Fabrice Br\u00e9court<\/span><span class=\"job\">Referent der stellv. Direktorin -  Oberschule<\/span><a href=\"&#109;a&#x69;l&#x74;o&#x3a;&#107;&#x61;&#114;&#x2d;&#97;s&#x73;i&#x73;t&#x61;&#110;&#x74;&#45;&#x64;&#101;&#x70;&#117;t&#x79;-&#x64;i&#x72;&#101;&#x63;&#116;&#x6f;&#114;&#x2d;&#115;e&#x63;o&#x6e;d&#x61;&#114;&#x79;&#45;&#x63;&#121;&#x63;&#108;e&#x40;e&#x75;r&#x73;&#99;&#x2e;&#101;&#x75;\" class=\"mail\">&#x6b;&#x61;&#114;-&#x61;&#x73;&#115;is&#x74;&#x61;&#110;t&#x2d;&#x64;&#101;&#112;u&#x74;&#x79;&#45;d&#x69;&#x72;&#101;&#99;t&#x6f;&#x72;&#45;s&#x65;&#x63;&#111;&#110;d&#x61;&#x72;&#121;-&#x63;&#x79;&#99;&#108;e&#x40;&#x65;&#117;r&#x73;&#x63;&#x2e;&#101;u<\/a><span class=\"phone\">Tel. +49 (0)7 21-6 80 09-38<\/span><\/div>\n<div class=\"staff-member\"><span class=\"name\">Herr Holger Klose<\/span><span class=\"job\">Stellvertr. Direktor f\u00fcr Grundschule und Kindergarten<\/span><a href=\"&#x6d;&#x61;&#x69;&#x6c;&#x74;&#x6f;&#x3a;&#x6b;&#x61;&#x72;&#x2d;&#x64;&#x65;&#x70;&#117;&#116;&#121;&#45;&#100;&#105;&#114;&#101;&#99;&#116;&#111;r-nurser&#x79;&#x2d;&#x61;&#x6e;&#x64;&#x2d;&#x70;&#x72;&#x69;&#x6d;&#x61;&#x72;&#x79;&#x2d;&#x63;&#121;&#99;&#108;&#101;&#64;&#101;&#117;&#114;&#115;&#99;&#46;eu\" class=\"mail\">ka&#114;&#45;&#x64;&#x65;&#x70;&#x75;ty&#45;&#100;&#x69;&#x72;&#x65;&#x63;to&#114;&#45;&#110;&#x75;&#x72;&#x73;&#x65;ry&#45;&#97;&#x6e;&#x64;&#x2d;&#x70;ri&#109;&#97;&#x72;&#x79;&#x2d;&#x63;yc&#108;&#101;&#64;&#x65;&#x75;&#x72;&#x73;c&#46;&#101;&#117;<\/a><\/div>\n<div class=\"staff-member\"><span class=\"name\">Frau Rachel Weller<\/span><span class=\"job\">Kommissarische Referentin des stellv. Direktors Kindergarten und Grundschule<\/span><a href=\"&#x6d;&#x61;&#x69;&#x6c;&#116;&#111;:ka&#x72;&#x2d;&#x61;&#x73;&#115;&#105;sta&#x6e;&#x74;&#x2d;&#x64;&#101;&#112;&#117;ty&#x2d;&#x64;&#x69;&#x72;&#101;&#99;&#116;or&#x2d;&#x6e;&#x75;&#x72;&#115;&#101;&#114;y-&#x61;&#x6e;&#x64;&#x2d;&#112;&#114;&#105;ma&#x72;&#x79;&#x2d;&#x63;&#121;&#99;&#108;e&#64;&#x65;&#x75;&#x72;&#x73;&#99;&#46;&#101;u\" class=\"mail\">&#x6b;&#97;r&#x2d;&#97;s&#x73;&#105;s&#x74;&#x61;&#110;&#x74;&#x2d;&#100;e&#x70;&#117;t&#x79;&#45;d&#x69;&#x72;&#101;&#x63;&#x74;&#111;r&#x2d;&#110;u&#x72;&#115;e&#x72;&#121;-&#x61;&#x6e;&#100;&#x2d;&#x70;&#114;i&#x6d;&#97;r&#x79;&#45;c&#x79;&#x63;&#108;&#x65;&#x40;&#101;u&#x72;&#115;c&#x2e;&#101;u<\/a><span class=\"phone\">Tel. +49 (0)7 21-6 80 09-43<\/span><\/div>\n<p>&nbsp;<\/p>\n<div class=\"title-deco\" id=\"\"><div class=\"blue-bloc\"><\/div><h2 class=\"title\">Verwaltung<\/h2><\/div>\n<div class=\"staff-member\"><span class=\"name\">Frau Stefania Bartholdy<\/span><span class=\"job\">Anmeldung Grund- und Oberschule<\/span><a href=\"mailto:s&#116;&#101;&#102;&#97;&#110;&#105;&#97;&#46;&#98;&#97;&#x72;&#x74;&#x68;&#x6f;&#x6c;&#x64;&#x79;&#x40;&#x65;&#x75;&#x72;&#x73;&#x63;&#x2e;&#x65;u\" class=\"mail\">&#x73;t&#x65;&#102;&#x61;&#110;i&#x61;&#46;&#x62;&#97;&#x72;&#116;h&#x6f;&#108;&#x64;&#121;&#64;&#x65;u&#x72;&#115;&#x63;&#46;e&#x75;<\/a><span class=\"phone\">Tel. +49 (0)7 21-6 80 09-72<\/span><\/div>\n<div class=\"staff-member\"><span class=\"name\">Frau Katharina Lins<\/span><span class=\"job\">Anmeldung Kindergarten und Human Resources<\/span><a href=\"&#109;&#x61;&#105;&#x6c;&#116;&#x6f;&#58;&#x6b;a&#x74;h&#x61;r&#x69;n&#97;&#x2e;&#108;&#x69;&#110;&#x73;&#64;&#x65;&#117;&#x72;s&#x63;&#46;&#x65;u\" class=\"mail\">&#107;&#x61;t&#104;&#x61;r&#105;&#x6e;a&#x2e;&#x6c;&#105;&#x6e;s&#64;&#x65;u&#114;&#x73;c&#x2e;&#x65;&#117;<\/a><span class=\"phone\">Tel. +49 (0)7 21-6 80 09-76<\/span><\/div>\n<div class=\"staff-member\"><span class=\"name\">Frau Martina Morlock<\/span><span class=\"job\">School fees<\/span><a href=\"m&#97;&#x69;&#x6c;&#x74;o&#58;&#75;&#x41;&#x52;-&#83;&#67;&#x48;&#x4f;OL&#70;&#x45;&#x45;&#x53;&#64;&#101;&#x75;&#x72;&#x73;c&#46;&#101;&#x75;\" class=\"mail\">&#x4b;&#65;&#82;-&#x53;&#x43;&#72;O&#x4f;&#x4c;&#70;E&#x45;&#x53;&#64;e&#x75;&#x72;&#115;c&#x2e;&#x65;&#117;<\/a><span class=\"phone\">Tel. +49 (0)7 21-6 80 09-20<\/span><\/div>\n<div class=\"staff-member\"><span class=\"name\">Frau Liliana Casillo-Anika<\/span><span class=\"job\">School fees<\/span><a href=\"&#x6d;&#x61;&#x69;&#x6c;&#x74;&#x6f;&#x3a;&#75;&#65;&#82;&#45;&#83;CHOO&#x4c;&#x46;&#x45;&#x45;&#x53;&#x40;&#x65;&#x75;&#114;&#115;&#99;&#46;&#101;u\" class=\"mail\">&#75;A&#x52;-&#x53;&#67;&#x48;&#79;&#x4f;&#76;F&#x45;E&#x53;&#64;&#x65;&#117;&#x72;&#115;&#x63;&#46;e&#x75;<\/a><span class=\"phone\">Tel. +49 (0)7 21-6 80 09-75<\/span><\/div>\n<div class=\"staff-member\"><span class=\"name\">Frau Magdalena Aitken<\/span><span class=\"job\">Sekretariat \u2013 Marketing und Kommunikation<\/span><a href=\"&#x6d;&#x61;&#x69;&#x6c;&#x74;&#x6f;&#58;&#109;&#97;&#103;dale&#x6e;&#x61;&#x2e;&#x61;&#x69;&#x74;&#107;&#101;&#110;&#64;&#101;urs&#x63;&#x2e;&#x65;&#x75;\" class=\"mail\">&#109;&#x61;&#103;&#x64;&#97;&#x6c;e&#x6e;a&#x2e;a&#105;&#x74;&#107;&#x65;&#110;&#x40;&#101;&#x75;r&#x73;c&#x2e;e&#117;<\/a><span class=\"phone\">Tel. +49 (0)7 21-6 80 09-12<\/span><\/div>\n<p>&nbsp;<\/p>\n<div class=\"title-deco\" id=\"\"><div class=\"blue-bloc\"><\/div><h2 class=\"title\"> Kindergarten und Grundschule<\/h2><\/div>\n<div class=\"staff-member\"><span class=\"name\">Herr Holger Klose<\/span><span class=\"job\">Stellvertr. Direktor f\u00fcr Grundschule und Kindergarten<\/span><a href=\"&#x6d;&#97;i&#x6c;&#x74;&#111;:&#x6b;&#97;r&#x2d;&#x64;&#101;p&#x75;&#116;y&#x2d;&#x64;&#105;r&#x65;&#x63;&#116;&#x6f;&#x72;&#45;n&#x75;&#x72;&#115;e&#x72;&#121;-&#x61;&#x6e;&#100;-&#x70;&#114;i&#x6d;&#x61;&#114;y&#x2d;&#x63;&#121;&#x63;&#x6c;&#101;&#64;&#x65;&#x75;&#114;s&#x63;&#46;e&#x75;\" class=\"mail\">&#x6b;&#x61;&#x72;&#x2d;&#x64;&#x65;&#x70;&#x75;&#x74;&#x79;&#x2d;&#x64;&#x69;&#x72;&#x65;&#x63;&#x74;&#x6f;&#x72;&#x2d;&#x6e;&#x75;&#x72;&#x73;&#x65;&#x72;&#x79;&#x2d;&#x61;&#x6e;&#x64;&#x2d;&#x70;&#x72;&#x69;&#x6d;&#x61;&#x72;&#x79;&#x2d;&#x63;&#x79;&#x63;&#x6c;&#x65;&#x40;&#x65;&#x75;&#x72;&#x73;&#x63;&#x2e;&#x65;&#x75;<\/a><\/div>\n<div class=\"staff-member\"><span class=\"name\">Frau Rachel Weller<\/span><span class=\"job\">Kommissarische Referentin des stellv. Direktors Kindergarten und Grundschule<\/span><a href=\"&#x6d;&#x61;&#x69;&#x6c;&#x74;&#x6f;&#x3a;&#x6b;&#x61;&#x72;&#x2d;&#97;&#115;&#115;&#105;&#115;&#116;&#97;nt-dep&#x75;&#x74;&#x79;&#x2d;&#x64;&#x69;&#x72;&#x65;&#x63;&#x74;&#x6f;&#x72;&#45;&#110;&#117;&#114;&#115;&#101;&#114;y-and-&#x70;&#x72;&#x69;&#x6d;&#x61;&#x72;&#x79;&#x2d;&#x63;&#x79;&#x63;&#x6c;&#101;&#64;&#101;&#117;&#114;&#115;&#99;&#46;eu\" class=\"mail\">&#x6b;&#x61;&#x72;&#x2d;&#x61;&#x73;&#x73;&#x69;&#x73;&#x74;&#x61;&#x6e;&#x74;&#x2d;&#x64;&#x65;&#x70;&#x75;&#x74;&#x79;&#x2d;&#x64;&#x69;&#x72;&#x65;&#x63;&#x74;&#x6f;&#x72;&#x2d;&#x6e;&#x75;&#x72;&#x73;&#x65;&#x72;&#x79;&#x2d;&#x61;&#x6e;&#x64;&#x2d;&#x70;&#x72;&#x69;&#x6d;&#x61;&#x72;&#x79;&#x2d;&#x63;&#x79;&#x63;&#x6c;&#x65;&#x40;&#x65;&#x75;&#x72;&#x73;&#x63;&#x2e;&#x65;&#x75;<\/a><span class=\"phone\">Tel. +49 (0)7 21-6 80 09-43<\/span><\/div>\n<div class=\"staff-member\"><span class=\"name\">Frau Marie Allmann<\/span><span class=\"job\">Sekretariat Grundschule + Kindergarten<\/span><a href=\"&#109;&#x61;&#105;&#x6c;t&#111;&#x3a;&#109;&#x61;r&#x69;e&#46;&#x61;&#108;&#x6c;m&#x61;&#x6e;&#110;&#x40;e&#x75;r&#115;&#x63;&#46;&#x65;u\" class=\"mail\">&#x6d;&#x61;&#114;ie&#x2e;&#x61;&#108;&#108;m&#x61;&#x6e;&#110;&#64;e&#x75;&#x72;&#x73;&#99;&#46;e&#x75;<\/a><span class=\"phone\">Tel. +49 (0)721-68009-15<\/span><\/div>\n<div class=\"staff-member\"><span class=\"name\">Herr Rafael Ledwig<\/span><span class=\"job\">Hausmeister Grundschule<\/span><a href=\"mailto&#58;&#114;&#97;&#102;&#97;&#101;&#108;&#x2e;&#x6c;&#x65;&#x64;&#x77;&#x69;&#x67;&#x40;&#x73;&#x74;&#x61;&#x66;f&#46;eurs&#99;&#46;&#101;&#117;\" class=\"mail\">&#x72;&#x61;&#x66;&#x61;&#x65;&#x6c;&#x2e;&#108;&#101;&#100;&#119;&#105;g&#64;st&#x61;&#x66;&#x66;&#x2e;&#x65;&#x75;&#x72;&#x73;&#99;&#46;&#101;&#117;<\/a><span class=\"phone\">Tel. +49 (0)7 21-6 80 09-26<br \/>\noder + 49 (0)1 51 28 3 72 432<\/span><\/div>\n<div class=\"staff-member\"><span class=\"name\">Frau Karina Mander<\/span><span class=\"job\">Bibliothekarin<\/span><a href=\"m&#97;&#105;&#x6c;&#x74;&#x6f;:&#107;&#97;&#x72;&#x69;&#x6e;a&#46;&#109;&#x61;&#x6e;&#x64;er&#64;&#101;&#x64;&#x75;&#x2e;e&#117;&#114;&#x73;&#x63;&#x2e;e&#117;\" class=\"mail\">&#x6b;&#97;&#114;i&#x6e;&#x61;&#46;m&#x61;&#x6e;&#100;er&#x40;&#101;&#100;u&#x2e;&#x65;&#117;r&#x73;&#x63;&#46;&#101;u<\/a><span class=\"phone\">Tel. +49 (0)7 21-6 80 09-22<\/span><\/div>\n<div class=\"staff-member\"><span class=\"name\">Frau Marina Stavrou<\/span><span class=\"job\">Schulpsychologin<\/span><a href=\"&#x6d;&#97;i&#x6c;&#x74;&#111;:&#x6b;&#x61;&#114;-&#x62;&#101;r&#x61;&#x74;&#117;n&#x67;&#x40;&#112;a&#x72;&#116;&#110;&#x65;&#x72;&#46;e&#x75;&#x72;&#115;c&#x2e;&#101;&#117;\" class=\"mail\">&#x6b;&#97;r&#x2d;&#98;&#101;&#x72;&#x61;&#116;u&#x6e;&#103;&#64;&#x70;&#x61;&#114;t&#x6e;&#101;r&#x2e;&#x65;&#117;r&#x73;&#99;&#46;&#x65;&#x75;<\/a><span class=\"phone\">Tel. +49 (0)7 21-6 80 09-57<br \/>\n(Dienstag + Donnerstag)<\/span><\/div>\n<div class=\"staff-member\"><span class=\"name\">Frau Joanne Molloy<\/span><span class=\"job\">Krankenschwester<\/span><a href=\"&#x6d;&#x61;&#x69;&#x6c;&#x74;&#x6f;&#x3a;&#x6a;&#x6f;&#x61;&#x6e;&#x6e;&#x65;&#x2e;&#x6d;&#x6f;&#x6c;&#x6c;&#x6f;&#x79;&#x40;&#x65;&#117;&#114;&#115;&#99;&#46;&#101;&#117;\" class=\"mail\">&#106;&#x6f;&#97;&#x6e;&#110;&#x65;&#46;&#x6d;o&#x6c;l&#x6f;y&#x40;e&#117;&#x72;&#115;&#x63;&#46;&#x65;&#117;<\/a><span class=\"phone\">Tel. +49 (0)7 21-6 80 09-23<br \/>\noder +49 160 30 63697<\/span><\/div>\n<p>&nbsp;<\/p>\n<div class=\"title-deco\" id=\"\"><div class=\"blue-bloc\"><\/div><h2 class=\"title\">Oberschule<\/h2><\/div>\n<div class=\"staff-member\"><span class=\"name\">Frau  Anabela Santos<\/span><span class=\"job\">Stellvertr. Direktorin f\u00fcr die Oberschule<\/span><a href=\"&#109;&#x61;&#105;&#x6c;&#116;&#x6f;&#58;&#x6b;&#97;&#x72;&#45;&#x64;&#101;&#x70;&#117;&#x74;&#121;&#x2d;&#100;&#x69;&#114;&#x65;&#99;&#x74;&#111;&#x72;&#45;&#x73;&#101;&#x63;&#111;&#x6e;&#100;&#x61;&#114;&#x79;&#45;&#x63;&#121;&#x63;&#108;&#x65;&#64;&#x65;&#117;&#x72;&#115;&#x63;&#46;&#x65;&#117;\" class=\"mail\">&#x6b;&#x61;&#114;&#45;d&#x65;&#x70;&#x75;&#116;&#121;-&#x64;&#x69;&#x72;&#101;&#99;t&#x6f;&#x72;&#x2d;&#115;&#101;c&#x6f;&#x6e;&#x64;&#97;ry&#x2d;&#x63;&#x79;&#99;le&#x40;&#x65;&#117;&#114;sc&#x2e;&#x65;&#117;<\/a><\/div>\n<div class=\"staff-member\"><span class=\"name\">Herr Fabrice Br\u00e9court<\/span><span class=\"job\">Referent der stellv. Direktorin -  Oberschule<\/span><a href=\"mail&#116;&#111;&#58;&#107;&#97;&#x72;&#x2d;&#x61;&#x73;&#x73;&#x69;&#x73;tant&#45;&#100;&#101;&#112;&#117;&#x74;&#x79;&#x2d;&#x64;&#x69;&#x72;&#x65;&#x63;tor-&#115;&#101;&#99;&#111;&#110;&#x64;&#x61;&#x72;&#x79;&#x2d;&#x63;&#x79;&#x63;le&#64;e&#117;&#114;&#115;&#99;&#46;&#x65;&#x75;\" class=\"mail\">&#x6b;&#x61;&#114;&#45;as&#x73;&#x69;&#x73;&#116;an&#x74;&#x2d;&#x64;&#101;&#112;u&#x74;&#x79;&#x2d;&#100;&#105;r&#x65;&#x63;&#x74;&#111;&#114;-s&#x65;&#x63;&#x6f;&#110;da&#x72;&#x79;&#x2d;&#99;&#121;c&#x6c;&#x65;&#x40;&#101;&#117;r&#x73;&#x63;&#x2e;&#101;&#117;<\/a><span class=\"phone\">Tel. +49 (0)7 21-6 80 09-38<\/span><\/div>\n<div class=\"staff-member\"><span class=\"name\">Frau Louise W\u00e4hling<\/span><span class=\"job\">Sekretariat, Oberschule<\/span><a href=\"&#x6d;a&#x69;&#108;&#x74;&#111;:&#x6c;&#111;&#x75;&#105;s&#x65;&#46;&#x77;&#97;e&#x68;l&#x69;&#110;&#x67;&#x40;e&#x75;&#114;&#x73;&#99;&#46;&#x65;&#117;\" class=\"mail\">l&#111;&#117;&#x69;&#x73;e&#46;&#119;&#x61;&#x65;&#x68;l&#105;&#110;&#x67;&#x40;eu&#114;&#x73;&#x63;&#x2e;e&#117;<\/a><span class=\"phone\">Tel. +49 (0)7 21-6 80 09-13<\/span><\/div>\n<div class=\"staff-member\"><span class=\"name\">Mr. Pietro Bartuccio<\/span><span class=\"job\">Facility manager<\/span><a href=\"&#x6d;&#97;&#x69;&#x6c;&#116;&#x6f;&#58;p&#x69;&#101;t&#x72;&#111;&#46;&#x62;&#97;r&#x74;&#117;&#x63;&#x63;&#105;&#x6f;&#x40;&#115;&#x74;&#97;f&#x66;&#46;e&#x75;&#114;s&#x63;&#46;e&#x75;\" class=\"mail\">&#112;i&#x65;t&#x72;&#111;&#x2e;&#98;&#x61;&#114;t&#x75;c&#x63;&#105;&#x6f;&#64;&#x73;&#116;&#x61;&#102;f&#x2e;e&#x75;&#114;&#x73;&#99;&#x2e;&#101;u<\/a><span class=\"phone\">+49 7 21 6 80 09-62<\/span><\/div>\n<div class=\"staff-member\"><span class=\"name\">Frau Marina Stavrou<\/span><span class=\"job\">Schulpsychologe<\/span><a href=\"&#109;a&#x69;l&#x74;o&#x3a;&#107;&#x61;&#114;&#x2d;&#98;e&#x72;a&#x74;u&#x6e;&#103;&#x40;&#112;&#x61;&#114;&#x74;&#110;e&#x72;&#46;&#x65;u&#x72;&#115;&#x63;&#46;&#x65;&#117;\" class=\"mail\">&#107;&#x61;r&#45;&#x62;e&#114;&#x61;t&#x75;&#x6e;&#103;&#x40;p&#97;&#x72;t&#110;&#x65;r&#x2e;&#x65;&#117;&#x72;&#x73;&#99;&#x2e;e&#117;<\/a><span class=\"phone\">Tel. +49 (0)7 21-6 80 09-57<br \/>\n(Dienstag + Donnerstag)<\/span><\/div>\n<div class=\"staff-member\"><span class=\"name\">Frau Joanne Molloy<\/span><span class=\"job\">Krankenschwester<\/span><a href=\"m&#97;&#x69;&#x6c;t&#111;&#x3a;&#x6a;o&#97;&#x6e;&#x6e;e&#46;&#x6d;&#x6f;l&#108;&#x6f;&#x79;&#64;&#101;&#100;&#x75;&#x2e;e&#117;&#x72;&#x73;c&#46;&#x65;&#x75;\" class=\"mail\">&#x6a;&#x6f;&#97;n&#x6e;&#x65;&#x2e;&#109;o&#x6c;&#x6c;&#x6f;&#121;&#64;&#x65;&#x64;&#x75;&#46;e&#x75;&#x72;&#x73;&#99;&#46;&#x65;&#x75;<\/a><span class=\"phone\">Tel. +49 (0)7 21-6 80 09-23<br \/>\noder +49 160 30 63697<\/span><\/div>\n<p>&nbsp;<\/p>\n<div class=\"title-deco\" id=\"\"><div class=\"blue-bloc\"><\/div><h2 class=\"title\">Weitere Kontakte<\/h2><\/div>\n<div class=\"staff-member\"><span class=\"name\">Elternvereinigung<\/span><span class=\"job\">Frau Felicitas Martens\/Frau Brynn Thompson-Renz, Vorsitzende<\/span><a href=\"m&#97;&#x69;&#x6c;t&#111;&#58;&#x6b;&#x61;r&#45;&#x65;&#x76;&#64;&#112;&#97;&#x72;&#x74;n&#101;&#x72;&#x2e;e&#117;&#114;&#x73;&#x63;&#46;&#101;&#x75;\" class=\"mail\">&#x6b;&#97;r&#x2d;&#101;v&#x40;&#x70;&#97;&#x72;&#x74;&#110;e&#x72;&#46;e&#x75;&#x72;&#115;&#x63;&#x2e;&#101;u<\/a><span class=\"phone\">Tel. +49 (0)7 21-6 80 09-45<\/span><\/div>\n<div class=\"staff-member\"><span class=\"name\">Sch\u00fclertansport<\/span><span class=\"job\">Frau Elena Kobitskaya<\/span><a href=\"m&#97;&#x69;&#x6c;t&#111;&#x3a;&#x63;o&#110;&#x74;&#x61;c&#116;&#x40;&#x65;s&#107;&#x61;&#x72;-&#116;&#114;&#x61;&#x6e;s&#112;&#x6f;&#x72;t&#46;&#x64;&#x65;\" class=\"mail\">&#x63;&#111;&#x6e;&#116;a&#x63;&#116;&#64;&#x65;&#115;&#x6b;&#x61;r&#x2d;&#116;r&#x61;&#110;&#x73;&#x70;o&#x72;&#116;&#46;&#x64;&#101;<\/a><span class=\"phone\">Tel. +49 (0)7 21-6 80 09-45<\/span><\/div>\n<div class=\"staff-member\"><span class=\"name\">Kantine<\/span><span class=\"job\">Herr Jan Birkenmaier<\/span><a href=\"&#109;a&#105;l&#116;o&#x3a;7&#x31;6&#x31;&#46;&#x31;&#64;&#x63;o&#x6d;p&#x61;s&#x73;-&#x67;r&#x6f;&#117;&#x70;&#46;&#x64;&#101;\" class=\"mail\">&#x37;&#x31;&#x36;&#x31;&#x2e;&#x31;&#x40;&#x63;&#x6f;&#x6d;&#x70;&#x61;&#x73;&#x73;&#x2d;&#x67;&#x72;&#x6f;&#x75;&#x70;&#x2e;&#x64;&#101;<\/a><span class=\"phone\">Tel. +49 (0)7 21-6 80 09-29<\/span><\/div>\n","protected":false},"excerpt":{"rendered":"<p>&nbsp; &nbsp; &nbsp; &nbsp;<\/p>\n","protected":false},"author":3,"featured_media":0,"parent":1222,"menu_order":0,"comment_status":"closed","ping_status":"closed","template":"","meta":{"footnotes":""},"class_list":["post-1384","page","type-page","status-publish","hentry"],"_links":{"self":[{"href":"https:\/\/www.es-karlsruhe.eu\/de\/wp-json\/wp\/v2\/pages\/1384","targetHints":{"allow":["GET"]}}],"collection":[{"href":"https:\/\/www.es-karlsruhe.eu\/de\/wp-json\/wp\/v2\/pages"}],"about":[{"href":"https:\/\/www.es-karlsruhe.eu\/de\/wp-json\/wp\/v2\/types\/page"}],"author":[{"embeddable":true,"href":"https:\/\/www.es-karlsruhe.eu\/de\/wp-json\/wp\/v2\/users\/3"}],"replies":[{"embeddable":true,"href":"https:\/\/www.es-karlsruhe.eu\/de\/wp-json\/wp\/v2\/comments?post=1384"}],"version-history":[{"count":18,"href":"https:\/\/www.es-karlsruhe.eu\/de\/wp-json\/wp\/v2\/pages\/1384\/revisions"}],"predecessor-version":[{"id":176972,"href":"https:\/\/www.es-karlsruhe.eu\/de\/wp-json\/wp\/v2\/pages\/1384\/revisions\/176972"}],"up":[{"embeddable":true,"href":"https:\/\/www.es-karlsruhe.eu\/de\/wp-json\/wp\/v2\/pages\/1222"}],"wp:attachment":[{"href":"https:\/\/www.es-karlsruhe.eu\/de\/wp-json\/wp\/v2\/media?parent=1384"}],"curies":[{"name":"wp","href":"https:\/\/api.w.org\/{rel}","templated":true}]}}