{"id":36204,"date":"2019-02-19T13:16:10","date_gmt":"2019-02-19T12:16:10","guid":{"rendered":"https:\/\/www.es-karlsruhe.eu\/data-protection\/"},"modified":"2026-03-11T11:06:09","modified_gmt":"2026-03-11T10:06:09","slug":"data-protection","status":"publish","type":"page","link":"https:\/\/www.es-karlsruhe.eu\/de\/data-protection\/","title":{"rendered":"Datenschutz"},"content":{"rendered":"<p>Auf dieser Seite finden Sie alle relevanten Datenschutzerkl\u00e4rungen und Dokumente den Datenschutz an der Europ\u00e4ischen Schule Karlsruhe betreffend.<\/p>\n<p>Nachfolgend finden Sie unsere allgemeine Datenschutzerkl\u00e4rung:<\/p>\n<h3>\u00a0\u00a0<em><strong><a href=\"https:\/\/www.es-karlsruhe.eu\/wp-content\/uploads\/2019\/02\/2018-06-D-21-de-4-European-School-Privacy-Statement.pdf\" target=\"_blank\" rel=\"noopener noreferrer\">Datenschutzerkl\u00e4rung der Europ\u00e4ischen Schulen (f\u00fcr Eltern und Sch\u00fcler\/-innen)<\/a><\/strong><\/em><\/h3>\n<p>&nbsp;<\/p>\n<p><strong>&#8222;Datenschutzerkl\u00e4rung&#8220;<\/strong> f\u00fcr Bewerberinnen und Bewerber:<br \/>\nGem\u00e4\u00df Art. 13 Abs. 1 und Abs. 2 DSGVO sind wir verpflichtet Bewerber\/innen bei Eingang der Unterlagen \u00fcber die Art der Datenerhebung zu informieren.\u00a0Die folgende Datei informiert Sie \u00fcber die wesentlichen Punkte. Bitte laden Sie sich das Dokument herunter und lesen dieses sorgf\u00e4ltig durch.<\/p>\n<p>Sollten Sie weitere Fragen zum Datenschutz und dem Umgang mit Ihren personenbezogenen Daten an der Europ\u00e4ischen Schule Karlsruhe haben, steht Ihnen ein Ansprechpartner zur Verf\u00fcgung. Die e-Mail-Adresse dieses Ansprechpartners finden Sie ebenfalls im untenstehenden Dokument!<\/p>\n<h3><strong>\u00a0\u00a0\u00a0\u00a0\u00a0\u00a0\u00a0\u00a0\u00a0\u00a0\u00a0\u00a0\u00a0\u00a0\u00a0\u00a0\u00a0\u00a0\u00a0\u00a0\u00a0\u00a0\u00a0\u00a0<\/strong> <a href=\"https:\/\/www.es-karlsruhe.eu\/wp-content\/uploads\/2018\/12\/2018-03-D-23-de-3.pdf\" target=\"_blank\" rel=\"noopener noreferrer\"><em><strong>Datenschutzerkl\u00e4rung f\u00fcr Bewerber\/innen<\/strong><\/em><\/a><\/h3>\n<h3>\u00a0\u00a0\u00a0\u00a0\u00a0\u00a0\u00a0\u00a0\u00a0\u00a0\u00a0\u00a0\u00a0\u00a0\u00a0\u00a0\u00a0\u00a0\u00a0\u00a0\u00a0\u00a0\u00a0\u00a0<em><strong><a href=\"https:\/\/www.es-karlsruhe.eu\/wp-content\/uploads\/2019\/02\/2018-10-D-45-de-1-Locally-Recruited.pdf\" target=\"_blank\" rel=\"noopener noreferrer\">Datenschutzerkl\u00e4rung f\u00fcr vor Ort eingestelltes Personal<\/a><\/strong><\/em><\/h3>\n<h3>\u00a0\u00a0\u00a0\u00a0\u00a0\u00a0\u00a0\u00a0\u00a0\u00a0\u00a0\u00a0\u00a0\u00a0\u00a0\u00a0\u00a0\u00a0\u00a0\u00a0\u00a0\u00a0\u00a0\u00a0<em><strong><a href=\"https:\/\/www.es-karlsruhe.eu\/wp-content\/uploads\/2019\/02\/2018-10-D-57-de-1-Seconded-Staff.pdf\" target=\"_blank\" rel=\"noopener noreferrer\">Datenschutzerkl\u00e4rung f\u00fcr das abgeordnete Personal<\/a><\/strong><\/em><\/h3>\n<h3><em><strong>\u00a0\u00a0\u00a0\u00a0\u00a0\u00a0\u00a0\u00a0\u00a0\u00a0\u00a0\u00a0\u00a0\u00a0\u00a0\u00a0\u00a0\u00a0\u00a0\u00a0\u00a0\u00a0 Datenschutzhinweise f\u00fcr die Video\u00fcberwachung des Schulgel\u00e4ndes<\/strong><\/em><\/h3>\n<h3><em><strong><a href=\"https:\/\/www.es-karlsruhe.eu\/wp-content\/uploads\/2021\/03\/ICT-Charta-ESK-2020-08-M-1-de-1.pdf\" target=\"_blank\" rel=\"noopener noreferrer\">ICT Charta f\u00fcr den Gebrauch von IT-Ressourcen und \u2011Ger\u00e4ten durch Sch\u00fcler\/innen der Europ\u00e4ischen Schule Karlsruhe<\/a><\/strong><\/em><\/h3>\n<p>&nbsp;<\/p>\n<p>&nbsp;<\/p>\n<p>&nbsp;<\/p>\n<p>&nbsp;<\/p>\n<div class=\"result-shield-container tlid-copy-target\"><\/div>\n","protected":false},"excerpt":{"rendered":"<p>Auf dieser Seite finden Sie alle relevanten Datenschutzerkl\u00e4rungen und Dokumente den Datenschutz an der Europ\u00e4ischen Schule Karlsruhe betreffend. Nachfolgend finden Sie unsere allgemeine Datenschutzerkl\u00e4rung: \u00a0\u00a0Datenschutzerkl\u00e4rung der Europ\u00e4ischen Schulen (f\u00fcr Eltern<a class=\"excerpt-read-more\" href=\"https:\/\/www.es-karlsruhe.eu\/de\/data-protection\/\" title=\"LesenDatenschutz\">\u2026 weiterlesen &raquo;<\/a><\/p>\n","protected":false},"author":5,"featured_media":0,"parent":0,"menu_order":0,"comment_status":"closed","ping_status":"closed","template":"","meta":{"footnotes":""},"class_list":["post-36204","page","type-page","status-publish","hentry"],"_links":{"self":[{"href":"https:\/\/www.es-karlsruhe.eu\/de\/wp-json\/wp\/v2\/pages\/36204","targetHints":{"allow":["GET"]}}],"collection":[{"href":"https:\/\/www.es-karlsruhe.eu\/de\/wp-json\/wp\/v2\/pages"}],"about":[{"href":"https:\/\/www.es-karlsruhe.eu\/de\/wp-json\/wp\/v2\/types\/page"}],"author":[{"embeddable":true,"href":"https:\/\/www.es-karlsruhe.eu\/de\/wp-json\/wp\/v2\/users\/5"}],"replies":[{"embeddable":true,"href":"https:\/\/www.es-karlsruhe.eu\/de\/wp-json\/wp\/v2\/comments?post=36204"}],"version-history":[{"count":8,"href":"https:\/\/www.es-karlsruhe.eu\/de\/wp-json\/wp\/v2\/pages\/36204\/revisions"}],"predecessor-version":[{"id":178049,"href":"https:\/\/www.es-karlsruhe.eu\/de\/wp-json\/wp\/v2\/pages\/36204\/revisions\/178049"}],"wp:attachment":[{"href":"https:\/\/www.es-karlsruhe.eu\/de\/wp-json\/wp\/v2\/media?parent=36204"}],"curies":[{"name":"wp","href":"https:\/\/api.w.org\/{rel}","templated":true}]}}