{"id":1096,"date":"2017-09-01T12:15:51","date_gmt":"2017-09-01T10:15:51","guid":{"rendered":"https:\/\/www.es-karlsruhe.eu\/?page_id=1096\/"},"modified":"2026-08-31T10:34:31","modified_gmt":"2026-08-31T08:34:31","slug":"contact","status":"publish","type":"page","link":"https:\/\/www.es-karlsruhe.eu\/fr\/contact\/","title":{"rendered":"Contact"},"content":{"rendered":"<div class=\"title-deco\" id=\"contact-a-member-staff\"><div class=\"blue-bloc\"><\/div><h2 class=\"title\">Contacter un membre de l&rsquo;Ecole Europ\u00e9enne<\/h2><\/div>\n<h3>Direction<\/h3>\n<div class=\"staff-member\"><img decoding=\"async\" src=\"https:\/\/www.es-karlsruhe.eu\/wp-content\/uploads\/2024\/09\/Munkacsy.jpg\"><span class=\"name\">M. L\u00e1szl\u00f3 Munk\u00e1csy<\/span><span class=\"job\">Directeur<\/span><a href=\"&#x6d;&#x61;&#x69;&#108;&#116;&#111;:K&#x41;&#x52;&#x2d;&#x45;&#88;&#69;CU&#x54;&#x49;&#x56;&#x45;&#45;&#65;SS&#x49;&#x53;&#x54;&#x41;&#78;&#84;&#64;eu&#x72;&#x73;&#x63;&#x2e;&#101;&#117;\" class=\"mail\">&#x4b;A&#x52;&#45;E&#x58;&#69;&#x43;&#x55;T&#x49;&#86;E&#x2d;&#65;&#x53;&#83;I&#x53;&#84;A&#x4e;&#84;&#x40;&#101;u&#x72;&#115;&#x63;&#x2e;e&#x75;<\/a><span class=\"phone\">+49 7 21 6 80 09-17<\/span><\/div>\n<div class=\"staff-member\"><img decoding=\"async\" src=\"https:\/\/www.es-karlsruhe.eu\/wp-content\/uploads\/2019\/08\/Anabela_Santos-1.jpg\"><span class=\"name\">Mme Anabela Santos<\/span><span class=\"job\">Adjointe du Directeur pour le cycle secondaire<\/span><a href=\"&#x6d;a&#x69;&#108;&#x74;&#111;:&#x6b;a&#x72;&#45;&#x64;&#101;p&#x75;&#116;&#x79;&#45;d&#x69;r&#x65;&#99;&#x74;&#111;r&#x2d;s&#x65;&#99;&#x6f;&#x6e;d&#x61;&#114;&#x79;&#45;c&#x79;c&#x6c;&#101;&#x40;&#101;u&#x72;&#115;&#x63;&#46;&#x65;&#x75;\" class=\"mail\">&#x6b;&#x61;&#114;-&#x64;&#x65;&#112;&#117;t&#x79;&#x2d;&#100;&#105;r&#x65;&#x63;&#116;or&#x2d;&#x73;&#101;c&#x6f;&#x6e;&#100;&#97;r&#x79;&#x2d;&#99;&#121;c&#x6c;&#x65;&#64;eu&#x72;&#x73;&#99;&#46;&#x65;&#x75;<\/a><span class=\"phone\">+49 7 21 6 80 09-13<\/span><\/div>\n<div class=\"staff-member\"><img decoding=\"async\" src=\"https:\/\/www.es-karlsruhe.eu\/wp-content\/uploads\/2021\/08\/Holger_Klose2.jpg\"><span class=\"name\">M. Holger Klose<\/span><span class=\"job\">Adjoint du Directeur,primaire et maternelle<\/span><a href=\"m&#97;&#x69;&#x6c;&#x74;o&#58;&#x4b;&#x41;&#x52;-&#68;&#x45;&#x50;&#x55;T&#89;&#x2d;&#x44;&#x49;R&#69;&#x43;&#x54;&#x4f;R&#45;&#x4e;&#x55;&#x52;S&#69;&#x52;&#x59;&#x2d;A&#78;&#x44;&#x2d;&#x50;R&#73;&#x4d;&#x41;&#x52;Y&#45;&#x43;&#x59;&#x43;L&#69;&#x40;&#x65;&#x75;r&#115;&#x63;&#x2e;&#x65;u\" class=\"mail\">&#x4b;&#65;R&#x2d;&#x44;&#69;P&#x55;&#x54;&#89;-&#x44;&#x49;&#82;E&#x43;&#x54;&#79;R&#x2d;&#78;&#85;R&#x53;&#69;R&#x59;&#x2d;&#65;N&#x44;&#x2d;&#80;R&#x49;&#x4d;&#65;R&#x59;&#x2d;&#67;Y&#x43;&#x4c;&#69;&#64;&#x65;&#117;&#114;&#x73;&#x63;&#46;e&#x75;<\/a><span class=\"phone\">+49 7 21 6 80 09-15<\/span><\/div>\n<div class=\"staff-member\"><img decoding=\"async\" src=\"https:\/\/www.es-karlsruhe.eu\/wp-content\/uploads\/2023\/06\/TaybiSaadaoui-e1685691179629.jpg\"><span class=\"name\">M. Taybi Saadaoui<\/span><span class=\"job\">Adjoint du Directeur pour les finances et l'administration <\/span><a href=\"&#x6d;&#97;i&#x6c;&#116;o&#x3a;&#75;A&#x52;&#45;D&#x45;&#80;U&#x54;&#x59;-&#x44;&#x49;&#82;&#x45;&#x43;&#84;&#x4f;&#x52;&#45;F&#x49;&#78;A&#x4e;&#67;E&#x2d;&#65;N&#x44;&#45;A&#x44;&#x4d;I&#x4e;&#x49;&#83;&#x54;&#x52;&#65;&#x54;&#x49;&#79;N&#x40;&#101;u&#x72;&#115;c&#x2e;&#101;u\" class=\"mail\">KAR-DEPU&#84;&#89;&#45;&#68;&#73;&#82;&#69;&#67;&#84;&#79;&#x52;&#x2d;&#x46;&#x49;&#x4e;&#x41;&#x4e;&#x43;&#x45;&#x2d;&#x41;&#x4e;&#x44;&#x2d;&#x41;DMINISTR&#65;&#84;&#73;&#79;&#78;&#64;&#101;&#117;&#114;&#115;&#x63;&#x2e;&#x65;&#x75;<\/a><span class=\"phone\">+49 7 21 6 80 09-11<\/span><\/div>\n<div class=\"staff-member\"><img decoding=\"async\" src=\"https:\/\/www.es-karlsruhe.eu\/wp-content\/uploads\/2017\/05\/nassira-schandruk.jpg\"><span class=\"name\">Mme Nassira Schandruk<\/span><span class=\"job\">Assistante de direction<\/span><a href=\"mail&#116;&#111;&#58;&#75;&#65;&#82;&#45;&#x45;&#x58;&#x45;&#x43;&#x55;&#x54;&#x49;&#x56;&#x45;-ASS&#73;&#83;&#84;&#65;&#78;&#84;&#64;&#x65;&#x75;&#x72;&#x73;&#x63;&#x2e;&#x65;&#x75;\" class=\"mail\">&#x4b;&#x41;&#x52;&#x2d;&#69;&#88;&#69;&#67;UTI&#x56;&#x45;&#x2d;&#x41;&#x53;&#83;&#73;&#83;TAN&#x54;&#x40;&#x65;&#x75;&#x72;&#115;&#99;&#46;eu<\/a><span class=\"phone\">+49 7 21 6 80 09-17<\/span><\/div>\n<h3>Administration<\/h3>\n<div class=\"staff-member\"><img decoding=\"async\" src=\"https:\/\/www.es-karlsruhe.eu\/wp-content\/uploads\/2017\/05\/stefania-bartholdy.jpg\"><span class=\"name\">Mme Stefania Bartholdy<\/span><span class=\"job\">Inscriptions \u00e9cole primaire et secondaire<\/span><a href=\"&#x6d;&#x61;&#x69;&#x6c;&#x74;&#x6f;&#x3a;&#x73;&#x74;&#x65;&#x66;&#x61;&#x6e;&#x69;&#x61;&#x2e;&#x62;&#x61;&#x72;&#x74;&#x68;&#x6f;&#x6c;&#x64;&#x79;&#x40;&#x65;&#x75;&#x72;&#x73;&#x63;&#x2e;&#x65;&#x75;\" class=\"mail\">&#x73;&#116;&#101;&#x66;&#x61;&#110;&#105;&#x61;&#x2e;&#98;&#97;&#x72;&#x74;&#104;&#111;&#x6c;&#x64;&#121;&#64;&#x65;&#x75;&#114;&#115;&#x63;&#x2e;&#101;&#117;<\/a><span class=\"phone\">+49 7 21 6 80 09-72<\/span><\/div>\n<div class=\"staff-member\"><img decoding=\"async\" src=\"https:\/\/www.es-karlsruhe.eu\/wp-content\/uploads\/2026\/01\/katharina-lins_new.jpg\"><span class=\"name\">Mme Katharina Lins<\/span><span class=\"job\">Inscriptions \u00e9cole maternelle et Ressources Humaines<\/span><a href=\"&#x6d;&#x61;&#x69;&#x6c;&#x74;&#x6f;&#x3a;&#x6b;&#x61;&#x74;&#x68;&#x61;&#x72;&#x69;&#x6e;&#x61;&#x2e;&#x6c;&#x69;&#x6e;&#x73;&#x40;&#x65;&#x75;&#x72;&#x73;&#x63;&#x2e;&#x65;&#x75;\" class=\"mail\">&#x6b;&#97;&#x74;&#x68;&#97;&#x72;&#105;n&#x61;&#46;l&#x69;&#110;s&#x40;&#101;u&#x72;&#115;&#x63;&#x2e;&#101;&#x75;<\/a><span class=\"phone\">+49 7 21 6 80 09-76<\/span><\/div>\n<div class=\"staff-member\"><img decoding=\"async\" src=\"https:\/\/www.es-karlsruhe.eu\/wp-content\/uploads\/2017\/05\/martina-morlock.jpg\"><span class=\"name\">Mme Martina Morlock<\/span><span class=\"job\">Frais de scolarit\u00e9<\/span><a href=\"&#109;&#x61;&#105;&#x6c;&#116;&#x6f;:&#x4b;A&#x52;-&#83;&#x43;&#72;&#x4f;&#79;&#x4c;&#70;&#x45;E&#x53;&#64;&#x65;u&#114;&#x73;&#99;&#x2e;&#101;&#x75;\" class=\"mail\">K&#65;&#x52;&#x2d;S&#67;&#x48;&#x4f;O&#76;&#x46;&#x45;E&#83;&#x40;&#x65;u&#114;&#x73;&#x63;&#46;&#101;&#117;<\/a><span class=\"phone\">+49 7 21 6 80 09-20<\/span><\/div>\n<div class=\"staff-member\"><span class=\"name\">Mme Liliana Casillo-Anika<\/span><span class=\"job\">Frais de scolarit\u00e9<\/span><a href=\"m&#97;&#105;&#x6c;&#x74;o:&#75;&#65;&#x52;&#x2d;SC&#72;&#79;&#x4f;&#x4c;FE&#69;&#x53;&#x40;&#x65;u&#114;&#115;&#x63;&#x2e;&#x65;u\" class=\"mail\">&#x4b;A&#x52;&#45;&#x53;&#67;&#x48;&#x4f;O&#x4c;&#70;&#x45;&#69;&#x53;&#64;e&#x75;&#114;&#x73;&#99;&#x2e;&#101;u<\/a><span class=\"phone\">+49 7 21 6 80 09-75<\/span><\/div>\n<div class=\"staff-member\"><span class=\"name\">D\u00e9l\u00e9gu\u00e9 \u00e0 la protection des donn\u00e9es<\/span><span class=\"job\">protection des donn\u00e9es<\/span><a href=\"ma&#105;&#108;&#116;&#x6f;&#x3a;&#x6b;&#x61;&#x72;-d&#112;&#111;&#45;&#x63;&#x6f;&#x72;&#x72;&#x65;sp&#111;&#110;&#100;&#x65;&#x6e;&#x74;&#x40;&#x65;ur&#115;&#99;&#46;&#x65;&#x75;\" class=\"mail\">&#107;&#x61;r&#45;&#x64;p&#111;&#x2d;c&#111;&#x72;r&#101;&#x73;&#112;&#x6f;&#x6e;&#100;&#x65;&#x6e;&#116;&#x40;e&#117;&#x72;s&#99;&#x2e;e&#117;<\/a><\/div>\n<div class=\"staff-member\"><span class=\"name\">Mme Magdalena Aitken<\/span><span class=\"job\">Secr\u00e9tariat \u2013 Marketing et Communication<\/span><a href=\"&#109;&#x61;&#105;&#x6c;&#116;&#x6f;:&#x6d;a&#103;&#x64;&#97;&#x6c;&#101;&#x6e;a&#x2e;a&#105;&#x74;&#107;&#x65;&#110;&#x40;&#101;&#x75;r&#x73;c&#46;&#x65;&#117;\" class=\"mail\">mag&#100;&#97;&#108;&#x65;&#x6e;&#x61;&#x2e;&#x61;&#x69;tke&#110;&#64;&#101;&#117;&#x72;&#x73;&#x63;&#x2e;&#x65;&#x75;<\/a><span class=\"phone\">+49 7 21 6 80 09-12<\/span><\/div>\n<h3>Ecole maternelle &amp; \u00e9cole primaire<\/h3>\n<div class=\"staff-member\"><img decoding=\"async\" src=\"https:\/\/www.es-karlsruhe.eu\/wp-content\/uploads\/2021\/08\/Holger_Klose2.jpg\"><span class=\"name\">M. Holger Klose<\/span><span class=\"job\">Adjoint du Directeur,primaire et maternelle<\/span><a href=\"&#109;&#97;&#x69;l&#116;&#x6f;&#x3a;K&#65;&#x52;&#x2d;D&#69;&#x50;U&#84;&#x59;&#x2d;D&#73;&#x52;&#x45;C&#84;&#x4f;R&#45;&#x4e;&#x55;R&#83;&#x45;&#x52;Y&#45;&#x41;&#x4e;&#68;&#45;&#x50;R&#73;&#x4d;&#x41;R&#89;&#x2d;&#x43;Y&#67;&#x4c;E&#64;&#x65;&#x75;r&#115;&#x63;&#x2e;e&#117;\" class=\"mail\">&#x4b;&#x41;&#x52;&#x2d;&#x44;&#x45;&#x50;&#x55;&#x54;&#x59;&#x2d;&#x44;&#x49;&#x52;&#69;&#67;&#84;&#79;&#82;&#45;&#78;&#85;&#82;&#83;&#69;RY-AND-P&#x52;&#x49;&#x4d;&#x41;&#x52;&#x59;&#x2d;&#x43;&#x59;&#x43;&#x4c;&#x45;&#x40;&#x65;&#x75;&#114;&#115;&#99;&#46;&#101;&#117;<\/a><span class=\"phone\">+49 7 21 6 80 09-15<\/span><\/div>\n<div class=\"staff-member\"><img decoding=\"async\" src=\"https:\/\/www.es-karlsruhe.eu\/wp-content\/uploads\/2021\/10\/Marei-Allmann-neu.jpg\"><span class=\"name\">Mme Marie Allman<\/span><span class=\"job\">Informations g\u00e9nerales<\/span><a href=\"&#109;&#x61;i&#108;&#x74;o&#58;&#x6d;a&#114;&#x69;e&#46;&#x61;l&#108;&#x6d;a&#110;&#x6e;&#64;&#101;&#x75;r&#115;&#x63;&#46;&#101;&#x75;\" class=\"mail\">&#109;&#x61;&#114;&#x69;&#101;&#x2e;a&#x6c;l&#x6d;a&#110;&#x6e;&#64;&#x65;&#117;&#x72;&#115;&#x63;&#46;&#x65;u<\/a><span class=\"phone\">+49 7 21 6 80 09-15<\/span><\/div>\n<div class=\"staff-member\"><span class=\"name\">Mme Joanna Staub<\/span><span class=\"job\">Assistante Directeur adjoint cycle maternel et primaire<\/span><a href=\"&#x6d;&#x61;&#105;l&#x74;&#x6f;&#58;ka&#x72;&#x2d;&#97;s&#x73;&#x69;&#115;&#116;a&#x6e;&#x74;&#45;d&#x65;&#x70;&#117;&#116;y&#x2d;&#x64;&#105;r&#x65;&#x63;&#116;&#111;r&#x2d;&#x6e;&#117;r&#x73;&#x65;&#114;&#121;-&#x61;&#x6e;&#100;-&#x70;&#x72;&#x69;&#109;a&#x72;&#x79;&#45;cy&#x63;&#x6c;&#101;&#64;&#x65;&#x75;&#114;&#115;c&#x2e;&#x65;&#117;\" class=\"mail\">&#x6b;&#x61;&#x72;&#45;&#97;&#115;si&#x73;&#x74;&#x61;&#x6e;&#116;&#45;de&#x70;&#x75;&#x74;&#x79;&#45;&#100;ir&#x65;&#x63;&#x74;&#x6f;&#114;&#45;&#110;ur&#x73;&#x65;&#x72;&#x79;&#45;&#97;nd&#x2d;&#x70;&#x72;&#x69;&#109;&#97;ry&#x2d;&#x63;&#x79;&#x63;&#108;&#101;&#64;eu&#x72;&#x73;&#x63;&#x2e;&#101;&#117;<\/a><span class=\"phone\">Tel. +49 (0)7 21-6 80 09-43<\/span><\/div>\n<div class=\"staff-member\"><img decoding=\"async\" src=\"https:\/\/www.es-karlsruhe.eu\/wp-content\/\/uploads\/2022\/02\/Joanne01.jpg\"><span class=\"name\">Mme Joanne Molloy<\/span><span class=\"job\">Infirmi\u00e8re<\/span><a href=\"m&#97;&#105;&#108;&#x74;&#x6f;&#x3a;jo&#97;&#110;&#x6e;&#x65;&#x2e;&#x6d;ol&#108;&#111;&#x79;&#x40;&#x65;&#x75;r&#115;&#99;&#46;&#x65;&#x75;\" class=\"mail\">&#106;o&#97;n&#110;e&#x2e;m&#x6f;l&#x6c;o&#x79;&#64;&#x65;u&#x72;s&#x63;&#46;&#x65;u<\/a><span class=\"phone\">+49 7 21 6 80 09-23<\/span><\/div>\n<div class=\"staff-member\"><img decoding=\"async\" src=\"https:\/\/www.es-karlsruhe.eu\/wp-content\/uploads\/2025\/10\/foto.jpg\"><span class=\"name\">Mme Ingrid Bayless<\/span><span class=\"job\">Coordinatrice du soutien p\u00e9dagogique pour l\u2019\u00e9cole maternelle et primaire<\/span><a href=\"&#109;a&#x69;l&#x74;o&#x3a;&#115;&#x75;&#112;&#x63;&#111;g&#x6b;a&#x40;p&#x61;&#114;&#x74;&#110;&#x65;&#114;&#x2e;&#101;u&#x72;s&#x63;&#46;&#x65;&#117;\" class=\"mail\">&#115;&#x75;&#112;&#x63;&#111;&#x67;&#107;&#x61;&#64;&#x70;&#97;&#x72;&#116;&#x6e;&#101;&#x72;&#46;&#x65;&#117;&#x72;&#115;&#x63;&#46;&#x65;&#117;<\/a><\/div>\n<div class=\"staff-member\"><img decoding=\"async\" src=\"https:\/\/www.es-karlsruhe.eu\/wp-content\/uploads\/2021\/01\/Karina_Mander.jpg\"><span class=\"name\">Mme Karina Mander<\/span><span class=\"job\"><em>Biblioth\u00e9caire<\/em><\/span><a href=\"&#x6d;&#97;i&#x6c;&#x74;&#111;:&#x6b;&#x61;&#114;i&#x6e;&#x61;&#46;m&#x61;&#x6e;&#100;e&#x72;&#64;&#101;d&#x75;&#46;e&#x75;&#x72;&#115;c&#x2e;&#x65;&#117;\" class=\"mail\">&#x6b;&#x61;&#x72;&#105;&#110;a&#46;&#x6d;&#x61;&#x6e;&#x64;&#101;&#114;&#64;e&#x64;&#x75;&#x2e;&#101;&#117;&#114;sc&#x2e;&#x65;&#x75;<\/a><span class=\"phone\">+49 7 21 6 80 09-22<\/span><\/div>\n<div class=\"staff-member\"><img decoding=\"async\" src=\"https:\/\/www.es-karlsruhe.eu\/wp-content\/uploads\/2021\/01\/Rafael_Ledwig.jpg\"><span class=\"name\">M. Rafael Ledwig<\/span><span class=\"job\">Concierge<\/span><a href=\"&#109;&#x61;&#105;&#x6c;t&#111;&#x3a;&#114;&#x61;f&#x61;e&#108;&#x2e;&#108;&#x65;d&#x77;&#x69;&#103;&#x40;s&#x74;a&#102;&#x66;&#46;&#x65;u&#x72;s&#99;&#x2e;&#101;&#x75;\" class=\"mail\">&#x72;&#x61;&#102;ae&#x6c;&#x2e;&#108;&#101;d&#x77;&#x69;&#103;&#64;s&#x74;&#x61;&#x66;&#102;&#46;e&#x75;&#x72;&#115;&#99;&#46;&#x65;&#x75;<\/a><span class=\"phone\">+49 7 21 6 80 09-61<\/span><\/div>\n<p>&nbsp;<\/p>\n<h3>Ecole secondaire<\/h3>\n<div class=\"staff-member\"><img decoding=\"async\" src=\"https:\/\/www.es-karlsruhe.eu\/wp-content\/uploads\/2019\/08\/Anabela_Santos-1.jpg\"><span class=\"name\">Mme. Anabela Santos<\/span><span class=\"job\">Directrice du secondaire<\/span><a href=\"m&#97;&#x69;&#x6c;&#x74;o&#58;&#107;&#x61;&#x72;-&#100;&#101;&#x70;&#x75;ty&#45;&#x64;&#x69;&#x72;e&#99;&#x74;&#x6f;&#x72;-&#115;&#101;&#x63;&#x6f;n&#100;&#97;&#x72;&#x79;-c&#121;&#x63;&#x6c;&#x65;&#64;&#101;&#117;&#x72;&#x73;c&#46;&#101;&#x75;\" class=\"mail\">ka&#114;&#45;&#100;&#101;&#x70;&#x75;&#x74;&#x79;&#x2d;di&#114;&#101;&#99;&#116;&#x6f;&#x72;&#x2d;&#x73;&#x65;co&#110;&#100;&#97;&#114;&#x79;&#x2d;&#x63;&#x79;&#x63;le&#64;&#101;&#117;&#114;&#x73;&#x63;&#x2e;&#x65;&#x75;<\/a><span class=\"phone\">+49 7 21 6 80 09-13<\/span><\/div>\n<div class=\"staff-member\"><img decoding=\"async\" src=\"https:\/\/www.es-karlsruhe.eu\/wp-content\/uploads\/2021\/11\/PhotoFabricePrune-9-215x155_2.jpg\"><span class=\"name\">M. Fabrice Br\u00e9court<\/span><span class=\"job\">Assistant Directrice adjointe - Cycle secondaire<\/span><a href=\"mailto:kar-assistant-dep&#117;&#116;&#121;&#45;&#100;&#105;&#114;&#101;&#99;&#116;&#111;&#114;&#45;&#115;&#101;&#99;&#111;&#110;&#100;&#97;&#114;&#121;&#45;&#99;&#121;&#99;&#108;&#101;&#64;&#101;&#117;&#x72;&#x73;&#x63;&#x2e;&#x65;&#x75;\" class=\"mail\">&#x6b;&#x61;&#x72;&#x2d;&#x61;&#x73;&#x73;&#x69;&#x73;&#x74;&#x61;&#x6e;&#x74;&#x2d;&#x64;&#x65;&#x70;&#x75;&#x74;&#x79;&#x2d;&#x64;&#x69;&#x72;&#x65;&#x63;&#x74;&#x6f;&#x72;&#x2d;&#x73;&#x65;&#x63;&#x6f;&#x6e;&#x64;&#x61;&#x72;&#x79;&#x2d;&#x63;&#x79;&#x63;&#x6c;&#101;&#64;&#101;&#117;&#114;&#115;&#99;&#46;&#101;&#117;<\/a><span class=\"phone\">+49 7 21 6 80 09-38<\/span><\/div>\n<div class=\"staff-member\"><span class=\"name\">Mme Agata Jozefowicz<\/span><span class=\"job\">Informations g\u00e9n\u00e9rales - lundi<\/span><a href=\"&#109;a&#x69;l&#x74;o&#x3a;k&#x61;r&#x2d;s&#x65;&#99;&#x72;&#101;&#x74;&#97;&#x72;&#105;&#x65;&#115;&#x2d;&#115;&#x65;&#99;o&#x6e;d&#x61;r&#x79;&#64;&#x65;u&#x72;s&#x63;&#46;&#x65;&#117;\" class=\"mail\">kar&#45;&#115;&#101;&#x63;&#x72;&#x65;&#x74;&#x61;&#x72;ies&#45;&#115;&#101;&#99;&#x6f;&#x6e;&#x64;&#x61;&#x72;&#x79;&#64;eu&#114;&#115;&#99;&#x2e;&#x65;&#x75;<\/a><span class=\"phone\">+49 7 21 6 80 09-13<\/span><\/div>\n<div class=\"staff-member\"><img decoding=\"async\" src=\"https:\/\/www.es-karlsruhe.eu\/wp-content\/uploads\/2017\/05\/louise-wahling.jpg\"><span class=\"name\">Mme Louise W\u00e4hling<\/span><span class=\"job\">Informations g\u00e9n\u00e9rales - mardi-vendredi<\/span><a href=\"&#109;a&#x69;l&#x74;o&#x3a;&#108;&#x6f;&#117;&#x69;&#115;e&#x2e;w&#x61;e&#x68;&#108;&#x69;&#110;&#x67;&#64;&#x65;&#117;r&#x73;c&#x2e;e&#x75;\" class=\"mail\">&#x6c;&#111;u&#x69;&#115;&#101;&#x2e;&#x77;&#97;e&#x68;&#108;i&#x6e;&#x67;&#64;e&#x75;&#114;s&#x63;&#x2e;&#101;u<\/a><span class=\"phone\">+49 7 21 6 80 09-13<\/span><\/div>\n<p>&nbsp;<\/p>\n<div class=\"staff-member\"><span class=\"name\">Absences \u00c9cole secondaire<\/span><span class=\"job\"> Toutes les absences \u00e0 l'\u00e9cole secondaire<\/span><a href=\"&#109;&#x61;i&#x6c;t&#111;&#x3a;&#108;&#x69;s&#116;&#x2d;&#107;&#x61;r&#x2d;&#x6f;&#115;&#x61;b&#x73;e&#110;&#x63;&#101;&#x40;e&#117;&#x72;&#115;&#x63;&#46;&#101;&#x75;\" class=\"mail\">&#x6c;i&#x73;&#116;&#x2d;&#107;&#x61;&#x72;-&#x6f;&#115;&#x61;&#98;&#x73;&#101;n&#x63;&#101;&#x40;&#101;&#x75;&#114;s&#x63;&#46;&#x65;&#117;<\/a><\/div>\n<p>&nbsp;<\/p>\n<div class=\"staff-member\"><span class=\"name\">Mme. Claudia Becke<\/span><span class=\"job\">Coordinateur du cycle , classes 1 - 3 - C006<\/span><a href=\"mai&#108;&#116;&#111;&#x3a;&#x63;&#x6c;&#x61;&#x75;&#x64;ia&#46;&#98;&#101;&#99;&#107;&#x65;&#x40;&#x74;&#x65;&#x61;&#x63;her&#46;&#101;&#117;&#x72;&#x73;&#x63;&#x2e;&#x65;&#x75;\" class=\"mail\">&#99;&#x6c;&#97;&#x75;d&#x69;a&#46;&#x62;&#101;&#x63;k&#x65;&#64;&#116;&#x65;&#97;&#x63;h&#x65;r&#46;&#x65;&#117;&#x72;s&#x63;&#46;&#101;&#x75;<\/a><span class=\"phone\">+49 7 21 6 80 09-48<\/span><\/div>\n<div class=\"staff-member\"><span class=\"name\">Mme. Sarolta Hugelmann<\/span><span class=\"job\">Coordinateur du cycle , classes 4 - 6 - C006<\/span><a href=\"&#109;&#97;&#x69;l&#116;&#x6f;&#x3a;s&#97;&#x72;&#x6f;l&#116;&#x61;&#x2e;h&#117;&#x67;&#x65;l&#109;&#x61;&#x6e;n&#64;&#x65;u&#114;&#115;&#x63;&#46;&#101;&#x75;\" class=\"mail\">sar&#111;&#108;&#116;&#x61;&#x2e;&#x68;&#x75;&#x67;&#x65;lma&#110;&#110;&#64;&#101;&#x75;&#x72;&#x73;&#x63;&#x2e;&#x65;u<\/a><span class=\"phone\">+49 7 21 6 80 09-48<\/span><\/div>\n<div class=\"staff-member\"><span class=\"name\">Mme Martha L\u00f3pez-Forment<\/span><span class=\"job\">Conseill\u00e8re d\u00b4\u00e9ducation classes 1-4 - C026<\/span><a href=\"&#x6d;a&#x69;&#108;t&#x6f;&#58;&#x6d;&#97;r&#x74;&#104;&#x61;&#46;l&#x6f;&#112;&#x65;&#x7a;-&#x66;&#111;r&#x6d;&#101;&#x6e;&#116;&#64;&#x74;&#101;&#x61;&#99;h&#x65;&#114;&#x2e;&#x65;u&#x72;&#115;c&#x2e;e&#x75;\" class=\"mail\">m&#97;&#114;&#116;&#x68;&#x61;&#x2e;lo&#112;&#101;&#x7a;&#x2d;&#x66;&#x6f;rm&#101;&#110;&#x74;&#x40;&#x74;&#x65;a&#99;&#104;&#101;&#x72;&#x2e;&#x65;ur&#115;&#99;&#46;&#x65;&#x75;<\/a><span class=\"phone\">+49 7 21 6 80 09-30<\/span><\/div>\n<div class=\"staff-member\"><span class=\"name\">Mme Fernanda Branco-Alves<\/span><span class=\"job\">Conseill\u00e8re d\u00b4\u00e9ducation, classes 5 - 7 - C006<\/span><a href=\"&#109;&#x61;i&#108;&#x74;o&#58;&#x66;e&#114;&#x6e;a&#110;&#x64;a&#46;&#x62;r&#97;&#x6e;c&#111;&#x2d;a&#108;&#x76;e&#115;&#x40;e&#117;&#x72;s&#x63;&#x2e;e&#x75;\" class=\"mail\">&#102;&#x65;r&#x6e;a&#110;&#x64;&#97;&#x2e;b&#114;&#x61;&#110;&#x63;o&#x2d;&#x61;&#108;&#x76;e&#x73;&#64;&#101;&#x75;&#114;&#x73;c&#46;&#x65;&#117;<\/a><span class=\"phone\">+49 7 21 6 80 09-48<\/span><\/div>\n<div class=\"staff-member\"><span class=\"name\">M. Philippe Beaufils<\/span><span class=\"job\">Baccalaur\u00e9at - C002<\/span><a href=\"&#109;&#x61;&#105;&#x6c;&#116;&#x6f;&#58;&#x70;h&#x69;l&#x69;p&#x70;e&#46;&#x62;&#101;&#x61;&#117;&#x66;&#105;&#x6c;&#115;&#x40;e&#x75;r&#x73;c&#x2e;e&#117;\" class=\"mail\">&#x70;&#104;i&#x6c;&#105;p&#x70;&#101;&#46;&#x62;&#101;a&#x75;&#102;i&#x6c;&#x73;&#64;&#x65;&#x75;&#114;&#x73;&#x63;&#46;&#x65;&#x75;<\/a><span class=\"phone\">+49 7 21 6 80 09-49<\/span><\/div>\n<div class=\"staff-member\"><span class=\"name\">Mme Vanessa Bach<\/span><span class=\"job\">Emploi du temps<\/span><a href=\"&#x6d;&#97;i&#x6c;&#116;o&#x3a;&#x6b;&#97;&#x72;&#x2d;&#116;i&#x6d;&#101;t&#x61;&#x62;&#108;&#x65;&#x40;&#101;d&#x75;&#46;e&#x75;&#x72;&#115;&#x63;&#x2e;&#101;u\" class=\"mail\">kar&#45;&#116;&#105;&#x6d;&#x65;&#x74;&#x61;&#x62;&#x6c;e&#64;e&#100;&#117;&#46;&#101;&#x75;&#x72;&#x73;&#x63;&#x2e;&#x65;u<\/a><span class=\"phone\">+49 7 21 6 80 09-35<\/span><\/div>\n<div class=\"staff-member\"><span class=\"name\">Mme Alexandra Katikaridou<\/span><span class=\"job\">Emploi du temps<\/span><a href=\"ma&#105;&#108;&#116;&#111;&#x3a;&#x6b;&#x61;&#x72;&#x2d;ti&#109;&#101;&#116;&#97;&#x62;&#x6c;&#x65;&#x40;&#x65;du&#46;&#101;&#117;&#114;&#x73;&#x63;&#x2e;&#x65;&#x75;\" class=\"mail\">&#107;&#x61;&#114;&#x2d;&#116;&#x69;&#109;&#x65;&#116;&#x61;&#98;&#x6c;&#101;&#x40;&#101;&#x64;&#117;&#x2e;&#101;&#x75;&#114;&#x73;&#99;&#x2e;&#101;&#x75;<\/a><span class=\"phone\">+49 7 21 6 80 09-35<\/span><\/div>\n<div class=\"staff-member\"><span class=\"name\">Mme. Kathrin Lange<\/span><span class=\"job\">Conseill\u00e8re d\u00b4orientation, section germanophone<\/span><a href=\"&#109;&#x61;i&#x6c;t&#111;&#x3a;&#107;&#x61;t&#104;&#x72;&#105;&#x6e;&#46;&#x6c;&#x61;&#110;&#x67;e&#x40;t&#101;&#x61;&#99;&#x68;e&#114;&#x2e;&#101;&#x75;r&#115;&#x63;&#46;&#x65;u\" class=\"mail\">kathrin&#46;&#108;&#97;&#110;&#103;&#101;&#64;&#116;&#101;&#97;&#99;&#x68;&#x65;&#x72;&#x2e;&#x65;&#x75;&#x72;&#x73;&#x63;&#x2e;&#x65;&#x75;<\/a><\/div>\n<div class=\"staff-member\"><span class=\"name\">Mme. Lesley Thomson<\/span><span class=\"job\">Conseill\u00e8re d\u00b4orientation, section anglophone<\/span><a href=\"&#x6d;&#x61;&#x69;&#x6c;&#x74;&#x6f;&#x3a;&#x6c;&#x65;&#x73;&#x6c;&#x65;&#x79;&#x2e;&#116;&#104;&#111;&#109;&#115;&#111;&#110;&#64;&#116;&#101;&#97;cher&#46;eur&#x73;&#x63;&#x2e;&#x65;&#x75;\" class=\"mail\">&#108;&#101;&#x73;l&#101;&#x79;&#x2e;t&#104;&#x6f;&#x6d;s&#111;&#x6e;&#64;&#116;&#x65;&#x61;c&#104;&#x65;&#x72;&#46;&#101;&#x75;r&#115;&#x63;&#x2e;e&#117;<\/a><\/div>\n<div class=\"staff-member\"><span class=\"name\">M. Philippe de Monneron<\/span><span class=\"job\">Conseiller d\u00b4orientation, section francophone<\/span><a href=\"m&#97;&#105;&#x6c;&#x74;&#x6f;:p&#104;&#105;&#x6c;&#x69;&#x70;p&#101;&#46;&#100;&#x65;&#x2d;&#x6d;o&#110;&#110;&#x65;&#x72;&#x6f;n&#64;&#116;&#101;&#x61;&#x63;&#x68;e&#114;&#46;&#101;&#x75;&#x72;&#x73;c&#46;&#101;&#x75;\" class=\"mail\">&#x70;&#x68;&#105;l&#x69;&#x70;&#112;&#101;&#46;&#x64;&#x65;&#45;&#109;o&#x6e;&#x6e;&#101;ro&#x6e;&#x40;&#116;e&#x61;&#x63;&#104;&#101;r&#x2e;&#x65;&#117;&#114;s&#x63;&#x2e;&#101;u<\/a><\/div>\n<div class=\"staff-member\"><span class=\"name\">Mme Sophie Chabanis-Davidson<\/span><span class=\"job\">Support<\/span><a href=\"&#x6d;&#97;&#x69;&#x6c;&#116;&#x6f;&#58;k&#x61;&#114;-&#x73;&#117;p&#x63;&#111;o&#x73;&#64;&#x70;&#x61;&#114;&#x74;&#x6e;&#101;&#x72;&#46;e&#x75;&#114;s&#x63;&#46;e&#x75;\" class=\"mail\">&#x6b;&#97;&#114;&#x2d;&#x73;&#117;&#112;&#x63;&#x6f;&#111;&#115;&#x40;&#x70;&#97;&#114;&#x74;&#x6e;&#101;&#114;&#x2e;&#x65;&#117;&#114;&#x73;&#x63;&#46;&#101;&#x75;<\/a><span class=\"phone\">+49 7 21 6 80 09-35<\/span><\/div>\n<div class=\"staff-member\"><span class=\"name\">Mme. Marina Stavrou<\/span><span class=\"job\">Psychologue scolaire<\/span><a href=\"&#x6d;&#97;i&#x6c;&#116;o&#x3a;&#107;a&#x72;&#45;b&#x65;&#114;a&#x74;&#x75;n&#x67;&#x40;&#112;&#x61;&#x72;&#116;&#x6e;&#x65;&#114;&#46;&#x65;&#117;r&#x73;&#99;&#46;&#x65;&#117;\" class=\"mail\">k&#97;&#114;&#x2d;&#x62;&#x65;ra&#116;&#117;&#x6e;&#x67;&#x40;p&#97;&#114;&#116;&#x6e;&#x65;&#x72;&#46;&#101;&#117;&#x72;&#x73;&#x63;&#46;e&#117;<\/a><span class=\"phone\">+49 7 21 6 80 09-57<\/span><\/div>\n<div class=\"staff-member\"><span class=\"name\">Mme. Ines Gallego Perez<\/span><span class=\"job\">Biblioth\u00e8que<\/span><a href=\"&#x6d;&#97;&#105;l&#x74;&#x6f;&#58;i&#x6e;&#x65;&#115;&#46;g&#x61;&#108;&#108;e&#x67;&#x6f;&#45;p&#x65;&#x72;&#101;&#122;&#64;&#x74;&#x65;&#97;c&#x68;&#x65;&#114;&#46;&#x65;&#x75;&#114;&#115;c&#x2e;&#x65;&#117;\" class=\"mail\">&#x69;&#x6e;&#x65;&#115;&#46;&#103;al&#x6c;&#x65;&#x67;&#x6f;&#45;&#112;er&#x65;&#x7a;&#x40;&#x74;&#101;&#97;ch&#x65;&#x72;&#x2e;&#x65;&#117;&#114;&#115;c&#46;&#x65;&#x75;<\/a><span class=\"phone\">+49 7 21 6 80 09-39<\/span><\/div>\n<div class=\"staff-member\"><span class=\"name\">M. Pietro Bartuccio<\/span><span class=\"job\">Concierge<\/span><a href=\"&#x6d;&#x61;&#x69;&#x6c;&#x74;&#x6f;&#58;&#112;&#105;&#101;tro&#46;&#x62;&#x61;&#x72;&#x74;&#x75;&#x63;&#99;&#105;&#111;&#64;&#115;taf&#x66;&#x2e;&#x65;&#x75;&#x72;&#x73;&#99;&#46;&#101;&#117;\" class=\"mail\">&#112;&#x69;e&#116;&#x72;o&#46;&#x62;a&#x72;&#x74;&#117;&#x63;c&#105;&#x6f;&#64;&#115;&#x74;a&#x66;&#x66;&#46;&#x65;&#x75;&#114;&#x73;c&#46;&#x65;u<\/a><span class=\"phone\">+49 7 21 6 80 09-62<\/span><\/div>\n<div class=\"title-deco\" id=\"how-to-find-us\"><div class=\"blue-bloc\"><\/div><h2 class=\"title\">Comment nous trouver<\/h2><\/div>\n<div class=\"map-area\">\n\t\t\t\t<div id=\"zoomed-map\"><\/div>\n\t\t    \t<div class=\"description\">\n\t\t    \t\t<p>\n\t\t\t    \t\t<b>\u00c9cole Europ\u00e9enne de Karlsruhe<\/b><br>\n\t\t\t    \t\tAlbert-Schweitzer-Stra\u00dfe 1<br>\n\t\t\t\t\t\t76139 KARLSRUHE Germany<br>\n\t\t\t\t\t\t<i>+49 7 21 6 80 09 72<\/i>\n\t\t\t\t\t<\/p>\n\t\t    \t<\/div>\n\t\t\t<\/div>\n\t\t\t<div class=\"map-area\">\n\t\t\t\t<div id=\"europe-map\"><\/div>\n\t\t    \t<div class=\"description\">\n\t\t    \t\t<p><b>L\u2019\u00c9cole sur la carte de l'Europe<\/b><\/p>\n\t\t    \t<\/div>\n\t\t\t<\/div>\n\t\t\t<script>\n\t\t\t\tvar address = \"Albert-Schweitzer-Stra\u00dfe 1, 76139 Karlsruhe, Allemagne\";\n\t\t\t\tfunction customInitMap() {\n\t\t\t\t\tinitMap();\n\t\t\t\t\tinitMap2();\n\t\t\t\t}\n\t\t\t\tfunction initMap() {\n\t\t\t\t\t\/\/ Create a map object and specify the DOM element for display.\n\t\t\t\t\tvar geocoder = new google.maps.Geocoder();\n\t\t\t\t\tvar map = new google.maps.Map(document.getElementById(\"zoomed-map\"), {\n\t\t\t\t\t    disableDefaultUI: true,\n\t\t\t\t\t    zoom: 15\n\t\t\t\t\t});\n\t\t\t\t\tgeocoder.geocode( { \"address\": address}, function(results, status) {\n\t\t\t\t\t\tif (status == \"OK\") {\n\t\t\t\t\t\t    map.setCenter(results[0].geometry.location);\n\t\t\t\t\t\t    var marker = new google.maps.Marker({\n\t\t\t\t\t\t        map: map,\n\t\t\t\t\t\t        position: results[0].geometry.location\n\t\t\t\t\t\t    });\n\t\t\t\t\t\t} else {\n\t\t\t\t\t\t    console.log(\"Geocode was not successful for the following reason: \" + status);\n\t\t\t\t\t\t}\n\t\t\t\t\t});\n\t\t\t\t}\n\t\t\t\tfunction initMap2() {\n\t\t\t\t\t\/\/ Create a map object and specify the DOM element for display.\n\t\t\t\t\tvar geocoder = new google.maps.Geocoder();\n\t\t\t\t\tvar map = new google.maps.Map(document.getElementById(\"europe-map\"), {\n\t\t\t\t\t    disableDefaultUI: true,\n\t\t\t\t\t    zoom: 4\n\t\t\t\t\t});\n\t\t\t\t\tgeocoder.geocode( { \"address\": address}, function(results, status) {\n\t\t\t\t\t\tif (status == \"OK\") {\n\t\t\t\t\t\t    map.setCenter(results[0].geometry.location);\n\t\t\t\t\t\t    var marker = new google.maps.Marker({\n\t\t\t\t\t\t        map: map,\n\t\t\t\t\t\t        position: results[0].geometry.location\n\t\t\t\t\t\t    });\n\t\t\t\t\t\t} else {\n\t\t\t\t\t\t    console.log(\"Geocode was not successful for the following reason: \" + status);\n\t\t\t\t\t\t}\n\t\t\t\t\t});\n\t\t\t\t}\n\t\t\t<\/script>\n\t\t\t<script src=\"https:\/\/maps.googleapis.com\/maps\/api\/js?key=AIzaSyClErEp5rillN3hiEl5Hdwr1_0NbG5_6S8&callback=customInitMap\" async defer><\/script>\n<div class=\"title-deco\" id=\"application-enquiries\"><div class=\"blue-bloc\"><\/div><h2 class=\"title\">Demandes d&rsquo;inscriptions<\/h2><\/div>\n<h3>Etes-vous int\u00e9ress\u00e9 pour rejoindre l&rsquo;\u00e9cole europ\u00e9enne ?<\/h3>\n<span class=\"custom-link right\"><a href=\"https:\/\/www.es-karlsruhe.eu\/fr\/admissions\/structure-de-lecole-europeenne-de-karlsruhe\/\">Demandes d&rsquo;admission<\/a><\/span>\n<div class=\"students2\">\n\t\t\t\t<img decoding=\"async\" src=\"https:\/\/www.es-karlsruhe.eu\/wp-content\/themes\/esk-theme\/assets\/images\/students.jpg\" class=\"alignleft\" \/>\n\t\t    \t<h4 class=\"title\">Comment s'inscrire ?<\/h4>\n\t\t    \t<p>Souhaitez-vous vous renseigner sur une demande existante?<br>Contactez-nous aupr\u00e8s de notre agent d'admission.<\/p>\n\t\t    \t<div class=\"text-center\">\n\t\t    \t\t<div class=\"staff-member\"><span class=\"name\">Stefania Bartholdy<\/span><span class=\"job\">Responsable des inscriptions<\/span><a href=\"&#x6d;&#x61;&#x69;&#x6c;&#116;&#111;:st&#x65;&#x66;&#x61;&#x6e;&#105;&#97;&#46;ba&#x72;&#x74;&#x68;&#x6f;&#108;&#100;&#121;&#64;e&#x75;&#x72;&#x73;&#x63;&#46;&#101;&#117;\" class=\"mail\">&#x73;&#x74;&#x65;&#x66;&#x61;&#x6e;&#x69;&#97;&#46;&#98;&#97;&#114;thol&#x64;&#x79;&#x40;&#x65;&#x75;&#x72;&#x73;&#x63;&#46;&#101;&#117;<\/a><\/div>\n\t\t    \t<\/div>\n\t\t\t<\/div>\n<div class=\"title-deco\" id=\"general-enquiries\"><div class=\"blue-bloc\"><\/div><h2 class=\"title\">Demandes g\u00e9n\u00e9rales<\/h2><\/div>\n<h3>Avez-vous une question \u00e0 poser \u00e0 l&rsquo;\u00e9cole europ\u00e9enne ?<\/h3>\n<p>Vous pouvez contacter le bureau de l&rsquo;\u00e9cole par courriel \u00e0 &#x69;&#x6e;&#x66;&#x6f;&#x40;&#x65;&#x73;&#x2d;&#x6b;&#x61;&#x72;&#x6c;&#x73;&#x72;&#x75;&#x68;&#x65;&#x2e;&#x65;&#x75; ou en utilisant le formulaire de contact ci-dessous. Nous visons \u00e0 r\u00e9pondre \u00e0 toutes les demandes dans les 2 jours ouvrables.<\/p>\n\n<div class=\"wpcf7 no-js\" id=\"wpcf7-f2011-o1\" lang=\"en-US\" dir=\"ltr\" data-wpcf7-id=\"2011\">\n<div class=\"screen-reader-response\"><p role=\"status\" aria-live=\"polite\" aria-atomic=\"true\"><\/p> <ul><\/ul><\/div>\n<form action=\"\/fr\/wp-json\/wp\/v2\/pages\/1096#wpcf7-f2011-o1\" method=\"post\" class=\"wpcf7-form init\" aria-label=\"Contact form\" novalidate=\"novalidate\" data-status=\"init\">\n<fieldset class=\"hidden-fields-container\"><input type=\"hidden\" name=\"_wpcf7\" value=\"2011\" \/><input type=\"hidden\" name=\"_wpcf7_version\" value=\"6.1.7\" \/><input type=\"hidden\" name=\"_wpcf7_locale\" value=\"en_US\" \/><input type=\"hidden\" name=\"_wpcf7_unit_tag\" value=\"wpcf7-f2011-o1\" \/><input type=\"hidden\" name=\"_wpcf7_container_post\" value=\"0\" \/><input type=\"hidden\" name=\"_wpcf7_posted_data_hash\" value=\"\" \/><input type=\"hidden\" name=\"_wpcf7cf_hidden_group_fields\" value=\"[]\" \/><input type=\"hidden\" name=\"_wpcf7cf_hidden_groups\" value=\"[]\" \/><input type=\"hidden\" name=\"_wpcf7cf_visible_groups\" value=\"[]\" \/><input type=\"hidden\" name=\"_wpcf7cf_repeaters\" value=\"[]\" \/><input type=\"hidden\" name=\"_wpcf7cf_steps\" value=\"{}\" \/><input type=\"hidden\" name=\"_wpcf7cf_options\" value=\"{&quot;form_id&quot;:2011,&quot;conditions&quot;:[],&quot;settings&quot;:{&quot;animation&quot;:&quot;yes&quot;,&quot;animation_intime&quot;:200,&quot;animation_outtime&quot;:200,&quot;conditions_ui&quot;:&quot;normal&quot;,&quot;notice_dismissed&quot;:false,&quot;repeater_remove_button&quot;:&quot;bottom&quot;,&quot;notice_dismissed_update-cf7-5.8.1&quot;:true,&quot;notice_dismissed_rollback-cf7-5.9.3&quot;:true}}\" \/>\n<\/fieldset>\n<div class=\"wpcf7-turnstile cf-turnstile\" data-sitekey=\"0x4AAAAAACtuHd5Y9GFCuoBt\" data-response-field-name=\"_wpcf7_turnstile_response\"><\/div>\n\n<div class=\"general-contact-form\">\n\t<div class=\"main-info\">\n\t\t<p><label for=\"contact-name\">Votre nom<\/label><span class=\"wpcf7-form-control-wrap\" data-name=\"contact-name\"><input size=\"40\" maxlength=\"400\" class=\"wpcf7-form-control wpcf7-text wpcf7-validates-as-required\" id=\"contact-name\" aria-required=\"true\" aria-invalid=\"false\" placeholder=\"Jonathan Smith\" value=\"\" type=\"text\" name=\"contact-name\" \/><\/span><br \/>\n<label for=\"subject\">Vous \u00eates int\u00e9ress\u00e9 par<\/label><span class=\"wpcf7-form-control-wrap\" data-name=\"subject\"><input size=\"40\" maxlength=\"400\" class=\"wpcf7-form-control wpcf7-text\" id=\"subject\" aria-invalid=\"false\" placeholder=\"e.g. S7 school trip, school time...\" value=\"\" type=\"text\" name=\"subject\" \/><\/span><br \/>\n<label for=\"contact-mail\">Adresse mail<\/label><span class=\"wpcf7-form-control-wrap\" data-name=\"contact-mail\"><input size=\"40\" maxlength=\"400\" class=\"wpcf7-form-control wpcf7-email wpcf7-validates-as-required wpcf7-text wpcf7-validates-as-email\" id=\"contact-mail\" aria-required=\"true\" aria-invalid=\"false\" placeholder=\"&#x6a;&#46;s&#x6d;&#105;t&#x68;&#64;t&#x68;&#101;s&#x6d;&#105;t&#x68;&#x73;&#46;&#x63;&#x6f;&#109;\" value=\"\" type=\"email\" name=\"contact-mail\" \/><\/span><br \/>\n<label for=\"contact-phone\">T\u00e9l\u00e9phone<\/label><span class=\"wpcf7-form-control-wrap\" data-name=\"contact-phone\"><input size=\"40\" maxlength=\"400\" class=\"wpcf7-form-control wpcf7-tel wpcf7-validates-as-required wpcf7-text wpcf7-validates-as-tel\" id=\"contact-phone\" aria-required=\"true\" aria-invalid=\"false\" placeholder=\"0041 673 652 738\" value=\"\" type=\"tel\" name=\"contact-phone\" \/><\/span>\n\t\t<\/p>\n\t<\/div>\n\t<div class=\"message-bloc\">\n\t\t<p><label for=\"message\">Votre message<\/label><span class=\"wpcf7-form-control-wrap\" data-name=\"message\"><textarea cols=\"40\" rows=\"8\" maxlength=\"2000\" class=\"wpcf7-form-control wpcf7-textarea wpcf7-validates-as-required\" id=\"message\" aria-required=\"true\" aria-invalid=\"false\" name=\"message\"><\/textarea><\/span>\n\t\t<\/p>\n\t<\/div>\n\t<div class=\"submit-button\">\n\t\t<p><span class=\"submit-container\"><input class=\"wpcf7-form-control wpcf7-submit has-spinner\" type=\"submit\" value=\"Envoyer\" \/><\/span>\n\t\t<\/p>\n\t<\/div>\n<\/div><p style=\"display: none !important;\" class=\"akismet-fields-container\" data-prefix=\"_wpcf7_ak_\"><label>&#916;<textarea name=\"_wpcf7_ak_hp_textarea\" cols=\"45\" rows=\"8\" maxlength=\"100\"><\/textarea><\/label><input type=\"hidden\" id=\"ak_js_1\" name=\"_wpcf7_ak_js\" value=\"21\"\/><script type=\"text\/javascript\">\n\/* <![CDATA[ *\/\ndocument.getElementById( \"ak_js_1\" ).setAttribute( \"value\", ( new Date() ).getTime() );\n\/* ]]> *\/\n<\/script>\n<\/p><div class=\"wpcf7-response-output\" aria-hidden=\"true\"><\/div>\n<\/form>\n<\/div>\n\n<p>&nbsp;<\/p>\n<h2>Note:<\/h2>\n<p>Vous trouverez des informations d\u00e9taill\u00e9es sur le traitement des donn\u00e9es des utilisateurs dans le formulaire de contact dans notre <a href=\"https:\/\/www.es-karlsruhe.eu\/fr\/politique-de-confidentialite\/\" target=\"_blank\" rel=\"noopener noreferrer\"><strong>Politique de confidentialit\u00e9<\/strong><\/a>.<\/p>\n<p>Si vous avez des questions concernant la protection des donn\u00e9es, n&rsquo;h\u00e9sitez pas \u00e0 contacter <a href=\"&#x6d;&#x61;&#x69;&#x6c;&#116;&#111;:KA&#x52;&#x2d;&#x44;&#x50;&#79;&#45;COR&#x52;&#x45;&#x53;&#x50;&#79;&#78;&#68;EN&#x54;&#x40;&#x65;&#x75;&#114;&#115;&#99;&#46;e&#x75;\"><strong>DataProtectionOfficer<\/strong><\/a> par e-mail.<\/p>\n","protected":false},"excerpt":{"rendered":"<p>Direction Administration Ecole maternelle &amp; \u00e9cole primaire &nbsp; Ecole secondaire &nbsp; &nbsp; Etes-vous int\u00e9ress\u00e9 pour rejoindre l&rsquo;\u00e9cole europ\u00e9enne ? Avez-vous une question \u00e0 poser \u00e0 l&rsquo;\u00e9cole europ\u00e9enne ? Vous pouvez<a class=\"excerpt-read-more\" href=\"https:\/\/www.es-karlsruhe.eu\/fr\/contact\/\" title=\"LireContact\">&#8230; Read more &raquo;<\/a><\/p>\n","protected":false},"author":3,"featured_media":0,"parent":0,"menu_order":0,"comment_status":"closed","ping_status":"closed","template":"template-contact.php","meta":{"footnotes":""},"class_list":["post-1096","page","type-page","status-publish","hentry"],"_links":{"self":[{"href":"https:\/\/www.es-karlsruhe.eu\/fr\/wp-json\/wp\/v2\/pages\/1096","targetHints":{"allow":["GET"]}}],"collection":[{"href":"https:\/\/www.es-karlsruhe.eu\/fr\/wp-json\/wp\/v2\/pages"}],"about":[{"href":"https:\/\/www.es-karlsruhe.eu\/fr\/wp-json\/wp\/v2\/types\/page"}],"author":[{"embeddable":true,"href":"https:\/\/www.es-karlsruhe.eu\/fr\/wp-json\/wp\/v2\/users\/3"}],"replies":[{"embeddable":true,"href":"https:\/\/www.es-karlsruhe.eu\/fr\/wp-json\/wp\/v2\/comments?post=1096"}],"version-history":[{"count":41,"href":"https:\/\/www.es-karlsruhe.eu\/fr\/wp-json\/wp\/v2\/pages\/1096\/revisions"}],"predecessor-version":[{"id":180514,"href":"https:\/\/www.es-karlsruhe.eu\/fr\/wp-json\/wp\/v2\/pages\/1096\/revisions\/180514"}],"wp:attachment":[{"href":"https:\/\/www.es-karlsruhe.eu\/fr\/wp-json\/wp\/v2\/media?parent=1096"}],"curies":[{"name":"wp","href":"https:\/\/api.w.org\/{rel}","templated":true}]}}