{"id":1142,"date":"2017-09-01T14:45:13","date_gmt":"2017-09-01T12:45:13","guid":{"rendered":"https:\/\/www.es-karlsruhe.eu\/?page_id=1142\/"},"modified":"2021-02-03T11:24:41","modified_gmt":"2021-02-03T10:24:41","slug":"schola-europaea","status":"publish","type":"page","link":"https:\/\/www.es-karlsruhe.eu\/fr\/notre-ecole\/schola-europaea\/","title":{"rendered":"Schola Europaea"},"content":{"rendered":"<p><strong>La vocation des Ecoles europ\u00e9ennes est de dispenser un enseignement multilingue et\u00a0multiculturel \u00e0 des enfants du cycle maternel, primaire et secondaire.<\/strong> Elles sont destin\u00e9es en priorit\u00e9 aux enfants des personnels des institutions europ\u00e9ennes.<\/p>\n<p>La premi\u00e8re \u00e9cole europ\u00e9enne a \u00e9t\u00e9 fond\u00e9e \u00e0 Luxembourg en 1953. L\u2019 Ecole Europ\u00e9enne de Karlsruhe fut la premi\u00e8re \u00e9cole europ\u00e9enne implant\u00e9e en Allemagne. Elle a \u00e9t\u00e9 ouverte en 1962 pour les enfants des fonctionnaires de la Commission europ\u00e9enne travaillant pour le Centre de recherches communautaire &#8211; Joint Research Centre (<a href=\"https:\/\/ec.europa.eu\/jrc\/en\">https:\/\/ec.europa.eu\/jrc\/en<\/a>).<\/p>\n<p><strong>Aujourd&rsquo;hui, l&rsquo;\u00e9cole europ\u00e9enne de Karlsruhe offre ce mod\u00e8le unique d\u2019\u00e9ducation \u00e9galement aux enfants des pays europ\u00e9ens et non-europ\u00e9ens dont les parents n&rsquo;appartiennent pas \u00e0 la Commission europ\u00e9enne.<\/strong><\/p>\n<div class=\"map-area\">\n\t\t\t\t<div id=\"europe-map\"><\/div>\n\t\t    \t<div class=\"description\">\n\t\t    \t\t<p><b>L\u2019\u00c9cole sur la carte de l'Europe<\/b><\/p>\n\t\t    \t<\/div>\n\t\t\t<\/div>\n\t\t\t<script>\n\t\t\t\tvar address = \"Albert-Schweitzer-Stra\u00dfe 1, 76139 Karlsruhe, Allemagne\";\n\t\t\t\tfunction initMap() {\n\t\t\t\t\t\/\/ Create a map object and specify the DOM element for display.\n\t\t\t\t\tvar geocoder = new google.maps.Geocoder();\n\t\t\t\t\tvar map = new google.maps.Map(document.getElementById(\"europe-map\"), {\n\t\t\t\t\t    disableDefaultUI: true,\n\t\t\t\t\t    zoom: 4\n\t\t\t\t\t});\n\t\t\t\t\tgeocoder.geocode( { \"address\": address}, function(results, status) {\n\t\t\t\t\t\tif (status == \"OK\") {\n\t\t\t\t\t\t    map.setCenter(results[0].geometry.location);\n\t\t\t\t\t\t    var marker = new google.maps.Marker({\n\t\t\t\t\t\t        map: map,\n\t\t\t\t\t\t        position: results[0].geometry.location\n\t\t\t\t\t\t    });\n\t\t\t\t\t\t} else {\n\t\t\t\t\t\t    console.log(\"Geocode was not successful for the following reason: \" + status);\n\t\t\t\t\t\t}\n\t\t\t\t\t});\n\t\t\t\t}\n\t\t\t<\/script>\n\t\t\t<script src=\"https:\/\/maps.googleapis.com\/maps\/api\/js?key=AIzaSyClErEp5rillN3hiEl5Hdwr1_0NbG5_6S8&callback=initMap\" async defer><\/script>\n<p>Les Ecoles europ\u00e9ennes sont des \u00e9tablissements d&rsquo;enseignement officiel cr\u00e9\u00e9s conjointement par l&rsquo;Union Europ\u00e9enne et\u00a0les gouvernements des Etats membres. Elles jouissent d&rsquo;un statut juridique d&rsquo;\u00e9tablissement public dans chacun de ces Etats.<\/p>\n<p>Il existe actuellement 13\u00a0Ecoles europ\u00e9ennes\u00a0(Alicante, Bergen,\u00a0Bruxelles I \u00e0 Uccle + Berkendael, Bruxelles II \u00e0 Woluw\u00e9, Bruxelles III\u00a0\u00e0 Ixelles,\u00a0Bruxelles\u00a0IV \u00e0 Laeken,\u00a0Francfort, Karlsruhe,\u00a0Luxembourg I au Kirchberg,\u00a0Luxembourg II \u00e0 Mamer,\u00a0Mol, Munich, Varese)\u00a0r\u00e9parties dans 6 pays (Allemagne,\u00a0Belgique, Espagne, Italie,\u00a0Luxembourg\u200b et Pays-Bas). Elles\u00a0accueillent environ 27000 \u00e9l\u00e8ves.<\/p>\n<p><a href=\"https:\/\/tramis.de\/2019\/06\/europaeische-schulen-ein-transnationales-system\/\">Un syst\u00e8me transnational<\/a><\/p>\n<p><img loading=\"lazy\" decoding=\"async\" class=\"alignnone size-medium wp-image-6889\" src=\"https:\/\/www.es-karlsruhe.eu\/wp-content\/uploads\/2018\/02\/Europa-bei-nacht_1-1024x768-300x225.jpg\" alt=\"\" width=\"300\" height=\"225\" srcset=\"https:\/\/www.es-karlsruhe.eu\/wp-content\/uploads\/2018\/02\/Europa-bei-nacht_1-1024x768-300x225.jpg 300w, https:\/\/www.es-karlsruhe.eu\/wp-content\/uploads\/2018\/02\/Europa-bei-nacht_1-1024x768-768x576.jpg 768w, https:\/\/www.es-karlsruhe.eu\/wp-content\/uploads\/2018\/02\/Europa-bei-nacht_1-1024x768.jpg 1024w\" sizes=\"auto, (max-width: 300px) 100vw, 300px\" \/><\/p>\n","protected":false},"excerpt":{"rendered":"<p>La vocation des Ecoles europ\u00e9ennes est de dispenser un enseignement multilingue et\u00a0multiculturel \u00e0 des enfants du cycle maternel, primaire et secondaire. Elles sont destin\u00e9es en priorit\u00e9 aux enfants des personnels<a class=\"excerpt-read-more\" href=\"https:\/\/www.es-karlsruhe.eu\/fr\/notre-ecole\/schola-europaea\/\" title=\"LireSchola Europaea\">&#8230; Read more &raquo;<\/a><\/p>\n","protected":false},"author":3,"featured_media":0,"parent":1057,"menu_order":0,"comment_status":"closed","ping_status":"closed","template":"","meta":{"footnotes":""},"class_list":["post-1142","page","type-page","status-publish","hentry"],"_links":{"self":[{"href":"https:\/\/www.es-karlsruhe.eu\/fr\/wp-json\/wp\/v2\/pages\/1142","targetHints":{"allow":["GET"]}}],"collection":[{"href":"https:\/\/www.es-karlsruhe.eu\/fr\/wp-json\/wp\/v2\/pages"}],"about":[{"href":"https:\/\/www.es-karlsruhe.eu\/fr\/wp-json\/wp\/v2\/types\/page"}],"author":[{"embeddable":true,"href":"https:\/\/www.es-karlsruhe.eu\/fr\/wp-json\/wp\/v2\/users\/3"}],"replies":[{"embeddable":true,"href":"https:\/\/www.es-karlsruhe.eu\/fr\/wp-json\/wp\/v2\/comments?post=1142"}],"version-history":[{"count":5,"href":"https:\/\/www.es-karlsruhe.eu\/fr\/wp-json\/wp\/v2\/pages\/1142\/revisions"}],"predecessor-version":[{"id":96109,"href":"https:\/\/www.es-karlsruhe.eu\/fr\/wp-json\/wp\/v2\/pages\/1142\/revisions\/96109"}],"up":[{"embeddable":true,"href":"https:\/\/www.es-karlsruhe.eu\/fr\/wp-json\/wp\/v2\/pages\/1057"}],"wp:attachment":[{"href":"https:\/\/www.es-karlsruhe.eu\/fr\/wp-json\/wp\/v2\/media?parent=1142"}],"curies":[{"name":"wp","href":"https:\/\/api.w.org\/{rel}","templated":true}]}}