{"id":1216,"date":"2017-09-01T16:08:31","date_gmt":"2017-09-01T14:08:31","guid":{"rendered":"https:\/\/www.es-karlsruhe.eu\/?page_id=1216\/"},"modified":"2022-03-29T15:23:56","modified_gmt":"2022-03-29T13:23:56","slug":"journee-scolaire","status":"publish","type":"page","link":"https:\/\/www.es-karlsruhe.eu\/fr\/secondaire\/informations-utiles\/journee-scolaire\/","title":{"rendered":"Journ\u00e9e scolaire"},"content":{"rendered":"<div class=\"title-deco\" id=\"\"><div class=\"blue-bloc\"><\/div><h2 class=\"title\">Journ\u00e9e scolaire dans l&rsquo;\u00e9cole secondaire<\/h2><\/div>\n<p>Horaire du lundi au vendredi:<\/p>\n<table style=\"height: 657px;\" width=\"284\">\n<tbody>\n<tr>\n<td style=\"width: 50%;\">1<sup>e<\/sup> p\u00e9riode<\/td>\n<td style=\"width: 50%;\">08.05-08.50<\/td>\n<\/tr>\n<tr>\n<td>2<sup>e<\/sup> p\u00e9riode<\/td>\n<td>08.55-09.40<\/td>\n<\/tr>\n<tr>\n<td>3<sup>e<\/sup> p\u00e9riode<\/td>\n<td>09.45-10.30<\/td>\n<\/tr>\n<tr>\n<td>Petite pause<\/td>\n<td>10.30-10.45<\/td>\n<\/tr>\n<tr>\n<td>4<sup>e<\/sup> p\u00e9riode<\/td>\n<td>10.45 -11.30<\/td>\n<\/tr>\n<tr>\n<td>5<sup>e<\/sup> p\u00e9riode<\/p>\n<p>\/ Pause d\u00e9jeuner<\/td>\n<td>11.35-12.20<\/td>\n<\/tr>\n<tr>\n<td>6<sup>e<\/sup> p\u00e9riode<\/p>\n<p>\/ Pause d\u00e9jeuner<\/td>\n<td>12.25-13.10<\/td>\n<\/tr>\n<tr>\n<td>7<sup>e<\/sup> p\u00e9riode<\/td>\n<td>13.15-14.00<\/td>\n<\/tr>\n<tr>\n<td>8<sup>e<\/sup> p\u00e9riode<\/td>\n<td>14.05-14.50<\/td>\n<\/tr>\n<tr>\n<td>9<sup>e<\/sup> p\u00e9riode<\/td>\n<td>14.55-15.40<\/td>\n<\/tr>\n<\/tbody>\n<\/table>\n<p>&nbsp;<\/p>\n","protected":false},"excerpt":{"rendered":"<p>Horaire du lundi au vendredi: 1e p\u00e9riode 08.05-08.50 2e p\u00e9riode 08.55-09.40 3e p\u00e9riode 09.45-10.30 Petite pause 10.30-10.45 4e p\u00e9riode 10.45 -11.30 5e p\u00e9riode \/ Pause d\u00e9jeuner 11.35-12.20 6e p\u00e9riode \/<a class=\"excerpt-read-more\" href=\"https:\/\/www.es-karlsruhe.eu\/fr\/secondaire\/informations-utiles\/journee-scolaire\/\" title=\"LireJourn\u00e9e scolaire\">&#8230; Read more &raquo;<\/a><\/p>\n","protected":false},"author":3,"featured_media":15218,"parent":1210,"menu_order":0,"comment_status":"closed","ping_status":"closed","template":"","meta":{"footnotes":""},"class_list":["post-1216","page","type-page","status-publish","has-post-thumbnail","hentry"],"_links":{"self":[{"href":"https:\/\/www.es-karlsruhe.eu\/fr\/wp-json\/wp\/v2\/pages\/1216","targetHints":{"allow":["GET"]}}],"collection":[{"href":"https:\/\/www.es-karlsruhe.eu\/fr\/wp-json\/wp\/v2\/pages"}],"about":[{"href":"https:\/\/www.es-karlsruhe.eu\/fr\/wp-json\/wp\/v2\/types\/page"}],"author":[{"embeddable":true,"href":"https:\/\/www.es-karlsruhe.eu\/fr\/wp-json\/wp\/v2\/users\/3"}],"replies":[{"embeddable":true,"href":"https:\/\/www.es-karlsruhe.eu\/fr\/wp-json\/wp\/v2\/comments?post=1216"}],"version-history":[{"count":5,"href":"https:\/\/www.es-karlsruhe.eu\/fr\/wp-json\/wp\/v2\/pages\/1216\/revisions"}],"predecessor-version":[{"id":110767,"href":"https:\/\/www.es-karlsruhe.eu\/fr\/wp-json\/wp\/v2\/pages\/1216\/revisions\/110767"}],"up":[{"embeddable":true,"href":"https:\/\/www.es-karlsruhe.eu\/fr\/wp-json\/wp\/v2\/pages\/1210"}],"wp:featuredmedia":[{"embeddable":true,"href":"https:\/\/www.es-karlsruhe.eu\/fr\/wp-json\/wp\/v2\/media\/15218"}],"wp:attachment":[{"href":"https:\/\/www.es-karlsruhe.eu\/fr\/wp-json\/wp\/v2\/media?parent=1216"}],"curies":[{"name":"wp","href":"https:\/\/api.w.org\/{rel}","templated":true}]}}