{"id":1218,"date":"2017-09-01T16:08:49","date_gmt":"2017-09-01T14:08:49","guid":{"rendered":"https:\/\/www.es-karlsruhe.eu\/?page_id=1218\/"},"modified":"2026-02-03T12:19:10","modified_gmt":"2026-02-03T11:19:10","slug":"personnel","status":"publish","type":"page","link":"https:\/\/www.es-karlsruhe.eu\/fr\/secondaire\/informations-utiles\/personnel\/","title":{"rendered":"Personnel"},"content":{"rendered":"<div class=\"title-deco\" id=\"pedagogical-staff\"><div class=\"blue-bloc\"><\/div><h2 class=\"title\">\u00c9quipe p\u00e9dagogique et administrative<\/h2><\/div>\n<div class=\"staff-member\"><span class=\"name\">Mme Anabela Santos<\/span><span class=\"job\">Directrice adjointe du secondaire<\/span><a href=\"ma&#105;&#108;&#116;&#x6f;&#x3a;&#x6b;&#x61;r-&#100;&#101;&#112;&#x75;&#x74;&#x79;&#x2d;di&#114;&#101;&#99;&#x74;&#x6f;&#x72;&#x2d;se&#99;&#111;&#110;&#x64;&#x61;&#x72;&#x79;-c&#121;&#99;&#108;&#x65;&#x40;&#x65;&#x75;rs&#99;&#46;&#101;&#x75;\" class=\"mail\">kar-de&#112;&#117;&#116;&#121;&#45;&#100;&#105;&#x72;&#x65;&#x63;&#x74;&#x6f;&#x72;&#x2d;&#x73;&#x65;&#x63;&#x6f;&#x6e;dary-c&#121;&#99;&#108;&#101;&#64;&#101;&#117;&#x72;&#x73;&#x63;&#x2e;&#x65;&#x75;<\/a><span class=\"phone\">+49 (0)7 21-6 80 09-13<\/span><\/div>\n<div class=\"staff-member\"><span class=\"name\">M. Fabrice Br\u00e9court <\/span><span class=\"job\">Assistant Directrice adjointe - Cycle secondaire<\/span><a href=\"m&#97;&#x69;&#x6c;t&#111;&#x3a;&#x6b;a&#114;&#x2d;&#x61;s&#115;&#x69;&#x73;t&#97;&#x6e;&#x74;-&#100;&#101;&#x70;&#x75;t&#121;&#x2d;&#x64;i&#114;&#x65;&#x63;t&#111;&#x72;&#x2d;s&#101;&#x63;&#x6f;n&#100;&#x61;&#x72;y&#45;&#99;&#x79;&#x63;l&#101;&#x40;&#x65;u&#114;&#x73;&#x63;&#46;&#101;&#x75;\" class=\"mail\">&#x6b;&#x61;&#x72;&#x2d;&#x61;&#x73;&#x73;&#x69;&#x73;&#x74;&#x61;&#110;&#116;&#45;&#100;&#101;&#112;&#117;ty-dir&#x65;&#x63;&#x74;&#x6f;&#x72;&#x2d;&#x73;&#x65;&#x63;&#x6f;&#x6e;&#x64;&#97;&#114;&#121;&#45;&#99;&#121;&#99;le&#64;eur&#x73;&#x63;&#x2e;&#x65;&#x75;<\/a><span class=\"phone\">+49 (0)7 21-6 80 09-38<\/span><\/div>\n<div class=\"staff-member\"><span class=\"name\">Mme Louise W\u00e4hling<\/span><span class=\"job\">Secr\u00e9taire du secondaire, Mardi - Vendredi<\/span><a href=\"&#x6d;&#97;i&#x6c;&#x74;&#111;:&#x6b;&#x61;&#114;-&#x73;&#x65;&#99;r&#x65;&#x74;&#97;r&#x69;&#101;&#115;-&#x73;&#101;c&#x6f;&#x6e;&#100;a&#x72;&#x79;&#64;e&#x75;&#x72;&#115;c&#x2e;&#x65;&#117;\" class=\"mail\">&#107;&#x61;&#x72;&#45;&#x73;&#x65;c&#x72;&#x65;t&#97;&#x72;i&#101;&#x73;-&#115;&#x65;c&#111;&#x6e;d&#97;&#x72;&#x79;&#64;&#x65;&#x75;&#114;&#x73;&#x63;&#46;&#x65;&#x75;<\/a><span class=\"phone\">+49 (0)7 21-6 80 09-13<\/span><\/div>\n<div class=\"staff-member\"><span class=\"name\">Mme Agata Jozefowicz<\/span><span class=\"job\">Secr\u00e9taire du secondaire, Lundi<\/span><a href=\"&#109;&#x61;i&#x6c;&#x74;&#111;&#x3a;k&#97;&#x72;&#45;&#x73;e&#99;&#x72;e&#x74;a&#114;&#x69;e&#x73;&#x2d;&#115;&#x65;c&#111;&#x6e;&#100;&#x61;r&#121;&#x40;&#101;&#x75;r&#115;&#x63;&#46;&#x65;&#x75;\" class=\"mail\">k&#97;&#x72;&#x2d;&#x73;e&#99;&#x72;&#x65;&#x74;a&#114;&#x69;&#x65;&#x73;-&#115;&#x65;&#x63;&#x6f;n&#100;&#x61;&#x72;&#x79;&#64;&#101;&#x75;&#x72;&#x73;c&#46;&#x65;&#x75;<\/a><span class=\"phone\">+49 (0)7 21-6 80 09-13<\/span><\/div>\n<div class=\"staff-member\"><span class=\"name\">Mme. Claudia Becke<\/span><span class=\"job\">Coordinateur du cycle classes 1-3- C026<\/span><a href=\"&#x6d;&#97;i&#x6c;&#116;o&#x3a;&#99;l&#x61;&#x75;&#100;&#x69;&#x61;&#46;b&#x65;&#99;k&#x65;&#64;t&#x65;&#x61;&#99;&#x68;&#x65;&#114;&#46;&#x65;&#117;r&#x73;&#99;&#46;&#x65;&#117;\" class=\"mail\">&#x63;l&#x61;&#117;&#x64;&#105;a&#x2e;&#98;&#x65;&#99;k&#x65;&#64;&#x74;&#101;a&#x63;h&#x65;&#114;&#x2e;&#x65;u&#x72;&#115;&#x63;&#46;e&#x75;<\/a><span class=\"phone\">+49 (0)7 21-6 80 09-30<\/span><\/div>\n<div class=\"staff-member\"><span class=\"name\">M. Marcus Fastner<\/span><span class=\"job\">Coordinateur du cycle classes 4-6 - C006<\/span><a href=\"&#x6d;&#97;i&#x6c;&#116;o&#x3a;&#109;a&#x72;&#99;u&#x73;&#45;r&#x65;&#x69;n&#x65;&#x72;&#46;&#x66;&#x61;&#115;&#x74;&#x6e;&#101;r&#x40;&#116;e&#x61;&#99;h&#x65;&#114;&#46;&#x65;&#117;r&#x73;&#x63;&#46;&#x65;&#x75;\" class=\"mail\">&#x6d;&#x61;&#114;c&#x75;&#x73;&#x2d;&#114;e&#x69;&#x6e;&#x65;&#114;&#46;&#x66;&#x61;&#x73;&#116;n&#x65;&#x72;&#x40;&#116;e&#x61;&#x63;&#x68;&#101;r&#x2e;&#x65;&#x75;&#114;s&#x63;&#x2e;&#x65;&#117;<\/a><span class=\"phone\">+49 (0)7 21-6 80 09-48<\/span><\/div>\n<div class=\"staff-member\"><span class=\"name\">M. Philippe Beaufils<\/span><span class=\"job\">Coordinateur Baccalaur\u00e9at - C002<\/span><a href=\"&#109;&#x61;i&#108;&#x74;o&#58;&#x70;h&#105;&#x6c;i&#112;&#x70;&#101;&#x2e;&#x62;&#101;&#x61;&#x75;&#102;&#x69;l&#115;&#x40;e&#117;&#x72;s&#99;&#x2e;e&#117;\" class=\"mail\">&#112;h&#x69;l&#x69;&#112;&#x70;&#101;&#x2e;&#98;e&#x61;u&#x66;&#105;&#x6c;&#115;&#x40;&#101;&#x75;&#114;s&#x63;&#46;&#x65;&#117;<\/a><span class=\"phone\">+49 (0)7 21-6 80 09-49<\/span><\/div>\n<div class=\"staff-member\"><span class=\"name\">Mme Fernanda Branco-Alves<\/span><span class=\"job\">Conseill\u00e8re d\u00b4\u00e9ducation classe 5- 7 - C006<\/span><a href=\"ma&#105;&#108;&#x74;&#x6f;&#x3a;&#x66;er&#110;&#97;&#x6e;&#x64;&#x61;&#x2e;br&#97;&#110;&#99;&#x6f;&#x2d;&#x61;&#x6c;ve&#115;&#64;&#x65;&#x75;&#x72;&#x73;c&#46;&#101;&#117;\" class=\"mail\">f&#101;&#114;&#x6e;&#x61;&#x6e;da&#46;&#98;&#x72;&#x61;&#x6e;c&#111;&#45;&#97;&#x6c;&#x76;&#x65;s&#64;&#101;&#x75;&#x72;&#x73;c&#46;&#101;&#117;<\/a><span class=\"phone\">+49 (0)7 21-6 80 09-48<\/span><\/div>\n<div class=\"staff-member\"><span class=\"name\">Mme Martha L\u00f3pez Forment <\/span><span class=\"job\">Conseill\u00e8re d\u00b4\u00e9ducation classe 1 - 4 - C026<\/span><a href=\"&#x6d;&#x61;&#x69;&#x6c;&#116;&#111;&#58;&#109;art&#x68;&#x2e;&#x6c;&#x6f;&#x70;&#101;&#122;&#45;for&#x6d;&#x65;&#x6e;&#x74;&#x40;&#101;&#117;&#114;sc&#46;&#x65;&#x75;\" class=\"mail\">&#x6d;a&#x72;&#116;&#x68;&#x2e;l&#x6f;&#112;&#x65;&#x7a;-&#x66;&#111;&#x72;&#x6d;e&#x6e;&#116;&#x40;&#x65;u&#x72;&#115;&#x63;&#x2e;e&#x75;<\/a><span class=\"phone\">+49 (0)7 21-6 80 09-30<\/span><\/div>\n<div class=\"staff-member\"><span class=\"name\">Mme Sophie Chabanis<\/span><span class=\"job\">Educational Support Coordinator<\/span><a href=\"&#x6d;&#x61;&#x69;&#x6c;&#116;&#111;&#58;&#107;ar-&#x73;&#x75;&#x70;&#x63;&#x6f;&#111;&#115;&#64;par&#x74;&#x6e;&#x65;&#x72;&#x2e;&#101;&#117;&#114;sc&#46;&#x65;&#x75;\" class=\"mail\">&#x6b;&#97;&#x72;&#x2d;&#115;&#x75;&#112;c&#x6f;&#111;s&#x40;&#112;a&#x72;&#116;n&#x65;&#114;&#x2e;&#x65;&#117;&#x72;&#x73;&#99;&#x2e;&#101;u<\/a><\/div>\n<div class=\"staff-member\"><span class=\"name\">M. Luis Escarate-Lopez<\/span><span class=\"job\">Conseiller d\u00b4orientation, section germanophone<\/span><a href=\"&#x6d;a&#x69;&#108;&#x74;&#111;&#x3a;&#x6c;u&#x69;&#115;&#x2d;&#109;&#x61;&#120;i&#x6d;&#105;&#x6c;&#105;&#x61;&#110;o&#x2e;&#101;&#x73;&#99;&#x61;&#114;a&#x74;e&#x2d;&#108;&#x6f;&#112;e&#x7a;&#64;&#x74;&#101;&#x61;&#99;h&#x65;r&#x2e;&#101;&#x75;&#114;s&#x63;&#46;&#x65;&#117;\" class=\"mail\">&#x6c;&#117;&#105;s&#x2d;&#x6d;&#97;x&#x69;&#x6d;&#105;li&#x61;&#110;&#111;&#46;&#x65;&#x73;&#99;a&#x72;&#x61;&#116;&#101;-&#x6c;&#x6f;&#112;e&#x7a;&#x40;&#116;e&#x61;&#x63;&#104;&#101;r&#x2e;&#x65;&#117;r&#x73;&#x63;&#46;e&#x75;<\/a><\/div>\n<div class=\"staff-member\"><span class=\"name\">Mme. Lesley Thomson<\/span><span class=\"job\">Conseiller d\u00b4orientation, section anglophone<\/span><a href=\"&#109;&#x61;i&#x6c;&#x74;&#111;&#x3a;l&#101;&#x73;&#108;&#x65;y&#46;&#x74;h&#x6f;m&#115;&#x6f;n&#x40;&#x74;&#101;&#x61;c&#104;&#x65;&#114;&#x2e;e&#117;&#x72;&#115;&#x63;&#46;&#101;&#x75;\" class=\"mail\">&#108;&#x65;&#115;&#x6c;&#101;&#x79;&#46;&#x74;&#104;&#x6f;&#109;&#x73;o&#x6e;&#64;&#x74;e&#x61;c&#x68;e&#x72;&#46;&#101;&#x75;&#114;&#x73;&#99;&#x2e;&#101;&#x75;<\/a><\/div>\n<div class=\"staff-member\"><span class=\"name\">M. Philippe de Monneron<\/span><span class=\"job\">Conseiller d\u00b4orientation, section francophone<\/span><a href=\"&#x6d;&#x61;&#105;&#108;&#116;o&#x3a;&#x70;&#x68;&#105;&#108;ip&#x70;&#x65;&#x2e;&#100;&#101;-&#x6d;&#x6f;&#x6e;&#110;&#101;&#114;o&#x6e;&#x40;&#x74;&#101;&#97;ch&#x65;&#x72;&#x2e;&#101;&#117;r&#x73;&#x63;&#x2e;&#101;&#117;\" class=\"mail\">p&#104;&#x69;&#x6c;&#x69;p&#112;&#101;&#x2e;&#x64;e&#45;&#109;&#x6f;&#x6e;ne&#114;&#x6f;&#x6e;&#x40;t&#101;&#x61;&#x63;&#x68;e&#114;&#46;&#x65;&#x75;r&#115;&#99;&#x2e;&#x65;u<\/a><\/div>\n<div class=\"staff-member\"><span class=\"name\">Mme. Marina Stavrou<\/span><span class=\"job\">Psychologue scolaire<\/span><a href=\"m&#97;&#x69;&#x6c;&#x74;o&#58;&#107;&#x61;&#x72;-&#98;&#101;&#x72;&#x61;tu&#110;&#x67;&#x40;&#x70;a&#114;&#x74;&#x6e;&#x65;r&#46;&#101;&#x75;&#x72;s&#99;&#46;&#x65;&#x75;\" class=\"mail\">k&#97;&#114;&#x2d;&#x62;e&#114;&#97;&#x74;&#x75;&#x6e;g&#64;&#112;&#x61;&#x72;tn&#101;&#x72;&#x2e;&#x65;u&#114;&#115;&#x63;&#x2e;eu<\/a><span class=\"phone\">+49 (0)7 21-6 80 09-57<br \/>\n<\/span><\/div>\n<div class=\"staff-member\"><span class=\"name\">M. Pietro Bartuccio<\/span><span class=\"job\">Concierge<\/span><a href=\"&#x6d;&#x61;&#x69;&#x6c;&#x74;&#x6f;&#x3a;&#x70;&#x69;&#x65;&#x74;&#x72;&#x6f;&#x2e;&#x62;&#x61;&#x72;&#x74;&#x75;&#x63;&#x63;&#x69;&#x6f;&#x40;&#x73;&#x74;&#x61;&#x66;&#x66;&#x2e;&#x65;&#x75;&#x72;&#x73;&#x63;&#x2e;&#x65;&#x75;\" class=\"mail\">pietro&#46;&#98;&#97;&#114;&#116;&#117;&#99;&#x63;&#x69;&#x6f;&#x40;&#x73;&#x74;&#x61;&#x66;&#x66;&#x2e;&#x65;&#x75;rsc&#46;eu<\/a><span class=\"phone\">+49 (0)7 21-6 80 09-44<\/span><\/div>\n<div class=\"staff-member\"><span class=\"name\">Mme. Jana Futterer<\/span><span class=\"job\">Biblioth\u00e9caire<\/span><a href=\"&#109;a&#x69;l&#x74;&#111;&#x3a;&#106;&#x61;&#110;a&#x2e;f&#x75;&#116;&#x74;&#101;&#x72;&#101;&#x72;&#64;e&#x64;u&#x2e;&#101;&#x75;&#114;&#x73;&#99;&#46;&#x65;u\" class=\"mail\">j&#97;&#x6e;&#x61;&#46;&#102;&#x75;&#x74;t&#101;&#x72;&#x65;r&#64;&#x65;&#x64;u&#46;&#x65;&#x75;r&#115;&#99;&#x2e;&#x65;u<\/a><\/div>\n<div class=\"title-deco\" id=\"Absence\"><div class=\"blue-bloc\"><\/div><h2 class=\"title\">Absence, secondaire<\/h2><\/div>\n<div class=\"staff-member\"><span class=\"name\">Absence<\/span><span class=\"job\"> Pour toute absence, merci d\u00b4envoyer un courriel \u00e0<\/span><a href=\"m&#97;&#105;&#x6c;&#x74;o&#58;&#108;&#x69;&#x73;&#x74;-&#107;&#97;&#x72;&#x2d;os&#97;&#x62;&#x73;&#x65;n&#99;&#101;&#x40;&#x65;ur&#115;&#x63;&#x2e;&#x65;u\" class=\"mail\">&#x6c;&#105;&#x73;&#116;-&#x6b;&#97;r&#x2d;&#111;&#x73;&#x61;b&#x73;&#101;n&#x63;&#101;&#x40;&#x65;u&#x72;&#115;c&#x2e;&#101;u<\/a><\/div>\n<div class=\"title-deco\" id=\"classteachers\"><div class=\"blue-bloc\"><\/div><h2 class=\"title\">Enseignants<\/h2><\/div>\n<p><strong>Vous pouvez t\u00e9l\u00e9charger la liste compl\u00e8te<\/strong> <a href=\"https:\/\/www.es-karlsruhe.eu\/wp-content\/uploads\/2026\/02\/class-teachers-Jan.-2026.pdf\">ici<\/a><\/p>\n<p>&nbsp;<\/p>\n<div class=\"title-deco\" id=\"teacher-appointment-times\"><div class=\"blue-bloc\"><\/div><h2 class=\"title\">Heures de r\u00e9ception<\/h2><\/div>\n<strong>Vous pouvez t\u00e9l\u00e9charger la liste compl\u00e8te<\/strong> <a href=\"https:\/\/www.es-karlsruhe.eu\/wp-content\/uploads\/2025\/10\/OS-Sprechstunden-2025-26.pdf\">ici<\/a><\/p>\n<p>&nbsp;<\/p>\n<p>&nbsp;<\/p>\n<div class=\"title-deco\" id=\"Autres contacts\"><div class=\"blue-bloc\"><\/div><h2 class=\"title\">Autres contacts<\/h2><\/div>\n<div class=\"staff-member\"><span class=\"name\">Transport<\/span><a href=\"&#109;&#x61;&#x69;l&#116;&#x6f;&#x3a;k&#97;&#x72;-&#116;&#x72;&#x61;n&#115;&#x70;o&#114;&#x74;&#x40;p&#97;&#x72;&#x74;&#110;&#x65;&#x72;&#46;&#101;&#x75;&#x72;s&#99;&#x2e;e&#117;\" class=\"mail\">&#x6b;&#97;&#114;&#x2d;&#x74;&#114;&#97;&#x6e;&#x73;&#112;&#111;&#x72;&#x74;&#64;&#112;&#x61;&#x72;&#116;&#110;&#x65;&#x72;&#46;&#101;&#x75;&#x72;&#115;&#99;&#x2e;&#x65;&#117;<\/a><span class=\"phone\">+49 (0)721-68009-45<\/span><\/div>\n<div class=\"staff-member\"><span class=\"name\">Cantine<\/span><span class=\"job\">M. Jan Birkenmaier<\/span><a href=\"&#x6d;&#97;i&#x6c;&#116;o&#x3a;&#x37;&#49;&#x36;&#x31;&#46;1&#x40;&#99;o&#x6d;&#x70;&#97;&#x73;&#x73;&#45;b&#x65;&#116;r&#x69;&#x65;&#98;&#x65;&#x2e;&#100;e\" class=\"mail\">&#x37;&#49;&#x36;&#x31;&#46;&#x31;&#x40;&#99;&#x6f;&#x6d;&#112;&#x61;&#x73;s&#x2d;&#x62;e&#x74;&#114;i&#x65;&#98;e&#x2e;&#100;e<\/a><span class=\"phone\">+49 (0)721-68009-29<\/span><\/div>\n","protected":false},"excerpt":{"rendered":"<p>Vous pouvez t\u00e9l\u00e9charger la liste compl\u00e8te ici &nbsp; Vous pouvez t\u00e9l\u00e9charger la liste compl\u00e8te ici &nbsp; &nbsp;<\/p>\n","protected":false},"author":3,"featured_media":16382,"parent":1210,"menu_order":0,"comment_status":"closed","ping_status":"closed","template":"template-secondary-staff.php","meta":{"footnotes":""},"class_list":["post-1218","page","type-page","status-publish","has-post-thumbnail","hentry"],"_links":{"self":[{"href":"https:\/\/www.es-karlsruhe.eu\/fr\/wp-json\/wp\/v2\/pages\/1218","targetHints":{"allow":["GET"]}}],"collection":[{"href":"https:\/\/www.es-karlsruhe.eu\/fr\/wp-json\/wp\/v2\/pages"}],"about":[{"href":"https:\/\/www.es-karlsruhe.eu\/fr\/wp-json\/wp\/v2\/types\/page"}],"author":[{"embeddable":true,"href":"https:\/\/www.es-karlsruhe.eu\/fr\/wp-json\/wp\/v2\/users\/3"}],"replies":[{"embeddable":true,"href":"https:\/\/www.es-karlsruhe.eu\/fr\/wp-json\/wp\/v2\/comments?post=1218"}],"version-history":[{"count":20,"href":"https:\/\/www.es-karlsruhe.eu\/fr\/wp-json\/wp\/v2\/pages\/1218\/revisions"}],"predecessor-version":[{"id":177226,"href":"https:\/\/www.es-karlsruhe.eu\/fr\/wp-json\/wp\/v2\/pages\/1218\/revisions\/177226"}],"up":[{"embeddable":true,"href":"https:\/\/www.es-karlsruhe.eu\/fr\/wp-json\/wp\/v2\/pages\/1210"}],"wp:featuredmedia":[{"embeddable":true,"href":"https:\/\/www.es-karlsruhe.eu\/fr\/wp-json\/wp\/v2\/media\/16382"}],"wp:attachment":[{"href":"https:\/\/www.es-karlsruhe.eu\/fr\/wp-json\/wp\/v2\/media?parent=1218"}],"curies":[{"name":"wp","href":"https:\/\/api.w.org\/{rel}","templated":true}]}}