{"id":1565,"date":"2017-09-05T14:35:43","date_gmt":"2017-09-05T12:35:43","guid":{"rendered":"https:\/\/www.es-karlsruhe.eu\/?page_id=1565\/"},"modified":"2019-09-27T13:10:07","modified_gmt":"2019-09-27T11:10:07","slug":"echanges-scolaires","status":"publish","type":"page","link":"https:\/\/www.es-karlsruhe.eu\/fr\/secondaire\/informations-utiles\/echanges-scolaires\/","title":{"rendered":"\u00c9changes scolaires"},"content":{"rendered":"<div class=\"title-deco\" id=\"\"><div class=\"blue-bloc\"><\/div><h2 class=\"title\">Programmes d&rsquo;\u00e9change dans les Ecoles europ\u00e9ennes<\/h2><\/div>\n<p>Les \u00e9changes permettent aux \u00e9l\u00e8ves de 4e et 5e d\u2019allier renforcement des comp\u00e9tences linguistiques et exp\u00e9rience d\u2019un contexte \u00e9ducatif diff\u00e9rent en visitant une autre Ecole europ\u00e9enne avec l\u2019intention de rentrer dans leur Ecole d\u2019origine. Durant ces \u00e9changes, qui se d\u00e9roulent sur la totalit\u00e9 du premier semestre, les \u00e9l\u00e8ves de 4e ou de 5e ann\u00e9e suivent les cours dans leur section linguistique habituelle mais s\u00e9journent dans une famille d\u2019accueil o\u00f9 l\u2019on parle une autre langue.<\/p>\n<p>Tous les \u00e9changes sont soumis \u00e0 l\u2019approbation des deux Directeurs. L\u2019accord n\u2019est donn\u00e9 que sur avis favorable du titulaire et pour autant que l\u2019organisation de l\u2019\u00e9change soit sans cons\u00e9quence financi\u00e8re pour les Ecoles. En principe, l\u2019\u00e9change ne peut \u00eatre approuv\u00e9 que pour autant que l\u2019\u00e9l\u00e8ve puisse suivre, dans l\u2019\u00e9cole d\u2019accueil, les cours de toutes ses mati\u00e8res.<\/p>\n<p><a href=\"https:\/\/www.eursc.eu\/BasicTexts\/2016-01-D-49-fr-4%20+%20Annexes.pdf\">Lignes directrices sur la mobilit\u00e9 des \u00e9l\u00e8ves<\/a><\/p>\n","protected":false},"excerpt":{"rendered":"<p>Les \u00e9changes permettent aux \u00e9l\u00e8ves de 4e et 5e d\u2019allier renforcement des comp\u00e9tences linguistiques et exp\u00e9rience d\u2019un contexte \u00e9ducatif diff\u00e9rent en visitant une autre Ecole europ\u00e9enne avec l\u2019intention de rentrer<a class=\"excerpt-read-more\" href=\"https:\/\/www.es-karlsruhe.eu\/fr\/secondaire\/informations-utiles\/echanges-scolaires\/\" title=\"Lire\u00c9changes scolaires\">&#8230; Read more &raquo;<\/a><\/p>\n","protected":false},"author":3,"featured_media":4105,"parent":1210,"menu_order":0,"comment_status":"closed","ping_status":"closed","template":"","meta":{"footnotes":""},"class_list":["post-1565","page","type-page","status-publish","has-post-thumbnail","hentry"],"_links":{"self":[{"href":"https:\/\/www.es-karlsruhe.eu\/fr\/wp-json\/wp\/v2\/pages\/1565","targetHints":{"allow":["GET"]}}],"collection":[{"href":"https:\/\/www.es-karlsruhe.eu\/fr\/wp-json\/wp\/v2\/pages"}],"about":[{"href":"https:\/\/www.es-karlsruhe.eu\/fr\/wp-json\/wp\/v2\/types\/page"}],"author":[{"embeddable":true,"href":"https:\/\/www.es-karlsruhe.eu\/fr\/wp-json\/wp\/v2\/users\/3"}],"replies":[{"embeddable":true,"href":"https:\/\/www.es-karlsruhe.eu\/fr\/wp-json\/wp\/v2\/comments?post=1565"}],"version-history":[{"count":5,"href":"https:\/\/www.es-karlsruhe.eu\/fr\/wp-json\/wp\/v2\/pages\/1565\/revisions"}],"predecessor-version":[{"id":58938,"href":"https:\/\/www.es-karlsruhe.eu\/fr\/wp-json\/wp\/v2\/pages\/1565\/revisions\/58938"}],"up":[{"embeddable":true,"href":"https:\/\/www.es-karlsruhe.eu\/fr\/wp-json\/wp\/v2\/pages\/1210"}],"wp:featuredmedia":[{"embeddable":true,"href":"https:\/\/www.es-karlsruhe.eu\/fr\/wp-json\/wp\/v2\/media\/4105"}],"wp:attachment":[{"href":"https:\/\/www.es-karlsruhe.eu\/fr\/wp-json\/wp\/v2\/media?parent=1565"}],"curies":[{"name":"wp","href":"https:\/\/api.w.org\/{rel}","templated":true}]}}